{"id":25532,"date":"2022-12-23T16:52:04","date_gmt":"2022-12-23T16:52:04","guid":{"rendered":"https:\/\/idepprivados.com\/?page_id=25532"},"modified":"2023-01-05T22:56:24","modified_gmt":"2023-01-05T22:56:24","slug":"aspectos-del-acuerdo-gubernativo-353-2022-que-contiene-los-salarios-minimos-para-las-actividades-economicas-por-circunscripcion-economica-en-la-republica-de-guatemala-2023","status":"publish","type":"page","link":"https:\/\/idepprivados.com\/index.php\/aspectos-del-acuerdo-gubernativo-353-2022-que-contiene-los-salarios-minimos-para-las-actividades-economicas-por-circunscripcion-economica-en-la-republica-de-guatemala-2023\/","title":{"rendered":"ASPECTOS DEL ACUERDO GUBERNATIVO 353-2022 QUE CONTIENE LOS SALARIOS MINIMOS PARA LAS ACTIVIDADES ECONOMICAS POR CIRCUNSCRIPCI\u00d3N ECONOMICA EN LA REP\u00daBLICA DE GUATEMALA 2023"},"content":{"rendered":"\t\t<div data-elementor-type=\"wp-page\" data-elementor-id=\"25532\" class=\"elementor elementor-25532\" data-elementor-settings=\"{&quot;ha_cmc_init_switcher&quot;:&quot;no&quot;}\">\n\t\t\t\t\t\t<section class=\"elementor-section elementor-top-section elementor-element elementor-element-7fb5d42 elementor-section-boxed elementor-section-height-default elementor-section-height-default\" data-id=\"7fb5d42\" data-element_type=\"section\" data-settings=\"{&quot;background_background&quot;:&quot;classic&quot;,&quot;_ha_eqh_enable&quot;:false}\">\n\t\t\t\t\t\t<div class=\"elementor-container elementor-column-gap-default\">\n\t\t\t\t\t<div class=\"elementor-column elementor-col-100 elementor-top-column elementor-element elementor-element-5393e3e\" data-id=\"5393e3e\" data-element_type=\"column\">\n\t\t\t<div class=\"elementor-widget-wrap elementor-element-populated\">\n\t\t\t\t\t\t<div class=\"elementor-element elementor-element-579d4ef elementor-widget elementor-widget-image\" data-id=\"579d4ef\" data-element_type=\"widget\" data-widget_type=\"image.default\">\n\t\t\t\t<div class=\"elementor-widget-container\">\n\t\t\t\t\t\t\t\t\t\t\t\t\t\t\t<img decoding=\"async\" src=\"https:\/\/idepprivados.com\/wp-content\/uploads\/elementor\/thumbs\/WhatsApp-Image-2022-12-23-at-10.48.53-AM-pzlfm8k48u8m7z1una8l8sq8md8timmk2uxd0hly6w.jpeg\" title=\"\" alt=\"\" loading=\"lazy\" \/>\t\t\t\t\t\t\t\t\t\t\t\t\t\t\t<\/div>\n\t\t\t\t<\/div>\n\t\t\t\t<div class=\"elementor-element elementor-element-3614bc4 elementor-widget elementor-widget-text-editor\" data-id=\"3614bc4\" data-element_type=\"widget\" data-widget_type=\"text-editor.default\">\n\t\t\t\t<div class=\"elementor-widget-container\">\n\t\t\t\t\t\t\t\t\t<p>AUMENTO DE SALARIO MINIMO PARA EL A\u00d1O 2023, ACUERDO GUBERNATIVO 353-2022 .<\/p><p>ANTECEDENTE: Por medio del Acuerdo Gubernativo n\u00famero 285-2021, de fecha 21 de diciembre de 2021, se crearon las Comisiones Paritarias de Salarios M\u00ednimos por Circunscripci\u00f3n y Actividad Econ\u00f3mica, siendo estas las Comisiones Paritarias para la Actividad Agr\u00edcola, No agr\u00edcola, Exportadora y de Maquila de la Circunscripci\u00f3n Econ\u00f3mica Uno, la cual se denomina \u201cCE1\u201d la cual ser\u00e1 aplicable \u00fanicamente al departamento de Guatemala y por otro lado las Comisiones Paritarias para la Actividad Agr\u00edcola, No Agr\u00edcola, Exportadora y de Maquila de la Circunscripci\u00f3n Econ\u00f3mica Dos \u201cCE2\u201d la cual comprende el resto de los departamentos de Guatemala.<\/p><p>RELEVANTE: El Acuerdo Gubernativo 353-2022, establece las medidas de aplicaci\u00f3n del salario m\u00ednimo para el a\u00f1o 2023 dentro de las cuales cabe resaltar las siguientes &#8230;<\/p><p>Descarga gratis el documento para su lectura y an\u00e1lisis.<\/p>\t\t\t\t\t\t\t\t<\/div>\n\t\t\t\t<\/div>\n\t\t\t\t<div class=\"elementor-element elementor-element-d6384fe elementor-widget elementor-widget-text-editor\" data-id=\"d6384fe\" data-element_type=\"widget\" data-widget_type=\"text-editor.default\">\n\t\t\t\t<div class=\"elementor-widget-container\">\n\t\t\t\t\t\t\t\t\t964 lecturas\t\t\t\t\t\t\t\t<\/div>\n\t\t\t\t<\/div>\n\t\t\t\t<section class=\"elementor-section elementor-inner-section elementor-element elementor-element-4055854 elementor-section-full_width elementor-section-content-middle elementor-section-height-default elementor-section-height-default\" data-id=\"4055854\" data-element_type=\"section\" data-settings=\"{&quot;_ha_eqh_enable&quot;:false}\">\n\t\t\t\t\t\t<div class=\"elementor-container elementor-column-gap-default\">\n\t\t\t\t\t<div class=\"elementor-column elementor-col-100 elementor-inner-column elementor-element elementor-element-2ab0bf7\" data-id=\"2ab0bf7\" data-element_type=\"column\" data-settings=\"{&quot;background_background&quot;:&quot;classic&quot;}\">\n\t\t\t<div class=\"elementor-widget-wrap elementor-element-populated\">\n\t\t\t\t\t\t<div class=\"elementor-element elementor-element-0d54f0c elementor-view-framed elementor-position-right elementor-shape-circle elementor-mobile-position-top elementor-vertical-align-top elementor-widget elementor-widget-icon-box\" data-id=\"0d54f0c\" data-element_type=\"widget\" data-widget_type=\"icon-box.default\">\n\t\t\t\t<div class=\"elementor-widget-container\">\n\t\t\t\t\t\t\t<div class=\"elementor-icon-box-wrapper\">\n\n\t\t\t\t\t\t<div class=\"elementor-icon-box-icon\">\n\t\t\t\t<span  class=\"elementor-icon\">\n\t\t\t\t<i aria-hidden=\"true\" class=\"far fa-folder-open\"><\/i>\t\t\t\t<\/span>\n\t\t\t<\/div>\n\t\t\t\n\t\t\t\n\t\t<\/div>\n\t\t\t\t\t\t<\/div>\n\t\t\t\t<\/div>\n\t\t\t\t<div class=\"elementor-element elementor-element-45e512c elementor-widget elementor-widget-text-editor\" data-id=\"45e512c\" data-element_type=\"widget\" data-widget_type=\"text-editor.default\">\n\t\t\t\t<div class=\"elementor-widget-container\">\n\t\t\t\t\t\t\t\t\t<a href=\"https:\/\/idepprivados.com\/wp-content\/uploads\/2022\/12\/Acuerdo-Gubernativo-353-2022.pdf\" class=\"pdfemb-viewer\" style=\"\" data-width=\"max\" data-height=\"max\" data-toolbar=\"both\" data-toolbar-fixed=\"off\">Acuerdo Gubernativo 353-2022<\/a>\t\t\t\t\t\t\t\t<\/div>\n\t\t\t\t<\/div>\n\t\t\t\t<div class=\"elementor-element elementor-element-9c3c85a elementor-align-center elementor-widget elementor-widget-button\" data-id=\"9c3c85a\" data-element_type=\"widget\" data-widget_type=\"button.default\">\n\t\t\t\t<div class=\"elementor-widget-container\">\n\t\t\t\t\t\t\t\t\t<div class=\"elementor-button-wrapper\">\n\t\t\t\t\t<a class=\"elementor-button elementor-button-link elementor-size-sm\" href=\"https:\/\/idepprivados.com\/wp-content\/uploads\/2022\/12\/Acuerdo-Gubernativo-353-2022.pdf\">\n\t\t\t\t\t\t<span class=\"elementor-button-content-wrapper\">\n\t\t\t\t\t\t\t\t\t<span class=\"elementor-button-text\">Descargar<\/span>\n\t\t\t\t\t<\/span>\n\t\t\t\t\t<\/a>\n\t\t\t\t<\/div>\n\t\t\t\t\t\t\t\t<\/div>\n\t\t\t\t<\/div>\n\t\t\t\t\t<\/div>\n\t\t<\/div>\n\t\t\t\t\t<\/div>\n\t\t<\/section>\n\t\t\t\t\t<\/div>\n\t\t<\/div>\n\t\t\t\t\t<\/div>\n\t\t<\/section>\n\t\t\t\t<section class=\"elementor-section elementor-top-section elementor-element elementor-element-2f33ad5 elementor-section-boxed elementor-section-height-default elementor-section-height-default\" data-id=\"2f33ad5\" data-element_type=\"section\" data-settings=\"{&quot;_ha_eqh_enable&quot;:false}\">\n\t\t\t\t\t\t<div class=\"elementor-container elementor-column-gap-default\">\n\t\t\t\t\t<div class=\"elementor-column elementor-col-100 elementor-top-column elementor-element elementor-element-b2a9109\" data-id=\"b2a9109\" data-element_type=\"column\">\n\t\t\t<div class=\"elementor-widget-wrap elementor-element-populated\">\n\t\t\t\t\t\t<section class=\"elementor-section elementor-inner-section elementor-element elementor-element-2a4c108 elementor-section-full_width elementor-section-content-middle elementor-section-height-default elementor-section-height-default\" data-id=\"2a4c108\" data-element_type=\"section\" data-settings=\"{&quot;_ha_eqh_enable&quot;:false}\">\n\t\t\t\t\t\t<div class=\"elementor-container elementor-column-gap-default\">\n\t\t\t\t\t<div class=\"elementor-column elementor-col-100 elementor-inner-column elementor-element elementor-element-9950bf1\" data-id=\"9950bf1\" data-element_type=\"column\" data-settings=\"{&quot;background_background&quot;:&quot;classic&quot;}\">\n\t\t\t<div class=\"elementor-widget-wrap elementor-element-populated\">\n\t\t\t\t\t\t<div class=\"elementor-element elementor-element-da4216d elementor-view-framed elementor-position-right elementor-shape-circle elementor-mobile-position-top elementor-vertical-align-top elementor-widget elementor-widget-icon-box\" data-id=\"da4216d\" data-element_type=\"widget\" data-widget_type=\"icon-box.default\">\n\t\t\t\t<div class=\"elementor-widget-container\">\n\t\t\t\t\t\t\t<div class=\"elementor-icon-box-wrapper\">\n\n\t\t\t\t\t\t<div class=\"elementor-icon-box-icon\">\n\t\t\t\t<span  class=\"elementor-icon\">\n\t\t\t\t<i aria-hidden=\"true\" class=\"far fa-folder-open\"><\/i>\t\t\t\t<\/span>\n\t\t\t<\/div>\n\t\t\t\n\t\t\t\n\t\t<\/div>\n\t\t\t\t\t\t<\/div>\n\t\t\t\t<\/div>\n\t\t\t\t<div class=\"elementor-element elementor-element-8fa75b9 elementor-widget elementor-widget-text-editor\" data-id=\"8fa75b9\" data-element_type=\"widget\" data-widget_type=\"text-editor.default\">\n\t\t\t\t<div class=\"elementor-widget-container\">\n\t\t\t\t\t\t\t\t\t<a href=\"https:\/\/idepprivados.com\/wp-content\/uploads\/2022\/12\/ASPECTOS-DEL-ACUERDO-353-2022.pdf\" class=\"pdfemb-viewer\" style=\"\" data-width=\"max\" data-height=\"max\" data-toolbar=\"both\" data-toolbar-fixed=\"off\">ASPECTOS DEL ACUERDO 353-2022<\/a>\t\t\t\t\t\t\t\t<\/div>\n\t\t\t\t<\/div>\n\t\t\t\t<div class=\"elementor-element elementor-element-f159994 elementor-align-center elementor-widget elementor-widget-button\" data-id=\"f159994\" data-element_type=\"widget\" data-widget_type=\"button.default\">\n\t\t\t\t<div class=\"elementor-widget-container\">\n\t\t\t\t\t\t\t\t\t<div class=\"elementor-button-wrapper\">\n\t\t\t\t\t<a class=\"elementor-button elementor-button-link elementor-size-sm\" href=\"https:\/\/idepprivados.com\/wp-content\/uploads\/2022\/12\/Acuerdo-Gubernativo-353-2022.pdf\">\n\t\t\t\t\t\t<span class=\"elementor-button-content-wrapper\">\n\t\t\t\t\t\t\t\t\t<span class=\"elementor-button-text\">Descargar<\/span>\n\t\t\t\t\t<\/span>\n\t\t\t\t\t<\/a>\n\t\t\t\t<\/div>\n\t\t\t\t\t\t\t\t<\/div>\n\t\t\t\t<\/div>\n\t\t\t\t\t<\/div>\n\t\t<\/div>\n\t\t\t\t\t<\/div>\n\t\t<\/section>\n\t\t\t\t\t<\/div>\n\t\t<\/div>\n\t\t\t\t\t<\/div>\n\t\t<\/section>\n\t\t\t\t<\/div>\n\t\t","protected":false},"excerpt":{"rendered":"<p>AUMENTO DE SALARIO MINIMO PARA EL A\u00d1O 2023, ACUERDO GUBERNATIVO 353-2022 . ANTECEDENTE: Por medio del Acuerdo Gubernativo n\u00famero 285-2021, de fecha 21 de diciembre de 2021, se crearon las Comisiones Paritarias de Salarios M\u00ednimos por Circunscripci\u00f3n y Actividad Econ\u00f3mica, siendo estas las Comisiones Paritarias para la Actividad Agr\u00edcola, No agr\u00edcola, Exportadora y de Maquila [&hellip;]<\/p>\n","protected":false},"author":1,"featured_media":0,"parent":0,"menu_order":0,"comment_status":"closed","ping_status":"closed","template":"","meta":{"_eb_attr":"","site-sidebar-layout":"no-sidebar","site-content-layout":"page-builder","ast-site-content-layout":"","site-content-style":"default","site-sidebar-style":"default","ast-global-header-display":"","ast-banner-title-visibility":"","ast-main-header-display":"","ast-hfb-above-header-display":"","ast-hfb-below-header-display":"","ast-hfb-mobile-header-display":"","site-post-title":"disabled","ast-breadcrumbs-content":"","ast-featured-img":"disabled","footer-sml-layout":"","theme-transparent-header-meta":"","adv-header-id-meta":"","stick-header-meta":"","header-above-stick-meta":"","header-main-stick-meta":"","header-below-stick-meta":"","astra-migrate-meta-layouts":"default","ast-page-background-enabled":"default","ast-page-background-meta":{"desktop":{"background-color":"","background-image":"","background-repeat":"repeat","background-position":"center center","background-size":"auto","background-attachment":"scroll","background-type":"","background-media":"","overlay-type":"","overlay-color":"","overlay-opacity":"","overlay-gradient":""},"tablet":{"background-color":"","background-image":"","background-repeat":"repeat","background-position":"center center","background-size":"auto","background-attachment":"scroll","background-type":"","background-media":"","overlay-type":"","overlay-color":"","overlay-opacity":"","overlay-gradient":""},"mobile":{"background-color":"","background-image":"","background-repeat":"repeat","background-position":"center center","background-size":"auto","background-attachment":"scroll","background-type":"","background-media":"","overlay-type":"","overlay-color":"","overlay-opacity":"","overlay-gradient":""}},"ast-content-background-meta":{"desktop":{"background-color":"var(--ast-global-color-5)","background-image":"","background-repeat":"repeat","background-position":"center center","background-size":"auto","background-attachment":"scroll","background-type":"","background-media":"","overlay-type":"","overlay-color":"","overlay-opacity":"","overlay-gradient":""},"tablet":{"background-color":"var(--ast-global-color-5)","background-image":"","background-repeat":"repeat","background-position":"center center","background-size":"auto","background-attachment":"scroll","background-type":"","background-media":"","overlay-type":"","overlay-color":"","overlay-opacity":"","overlay-gradient":""},"mobile":{"background-color":"var(--ast-global-color-5)","background-image":"","background-repeat":"repeat","background-position":"center center","background-size":"auto","background-attachment":"scroll","background-type":"","background-media":"","overlay-type":"","overlay-color":"","overlay-opacity":"","overlay-gradient":""}},"_joinchat":[],"footnotes":""},"class_list":["post-25532","page","type-page","status-publish","hentry"],"yoast_head":"<!-- This site is optimized with the Yoast SEO plugin v25.2 - https:\/\/yoast.com\/wordpress\/plugins\/seo\/ -->\n<title>ASPECTOS DEL ACUERDO GUBERNATIVO 353-2022 QUE CONTIENE LOS SALARIOS MINIMOS PARA LAS ACTIVIDADES ECONOMICAS POR CIRCUNSCRIPCI\u00d3N ECONOMICA EN LA REP\u00daBLICA DE GUATEMALA 2023 &#8211; IDEP - Instituto de Preparaci\u00f3n de Privados<\/title>\n<meta name=\"robots\" content=\"index, follow, max-snippet:-1, max-image-preview:large, max-video-preview:-1\" \/>\n<link rel=\"canonical\" href=\"https:\/\/idepprivados.com\/index.php\/aspectos-del-acuerdo-gubernativo-353-2022-que-contiene-los-salarios-minimos-para-las-actividades-economicas-por-circunscripcion-economica-en-la-republica-de-guatemala-2023\/\" \/>\n<meta property=\"og:locale\" content=\"es_ES\" \/>\n<meta property=\"og:type\" content=\"article\" \/>\n<meta property=\"og:title\" content=\"ASPECTOS DEL ACUERDO GUBERNATIVO 353-2022 QUE CONTIENE LOS SALARIOS MINIMOS PARA LAS ACTIVIDADES ECONOMICAS POR CIRCUNSCRIPCI\u00d3N ECONOMICA EN LA REP\u00daBLICA DE GUATEMALA 2023 &#8211; IDEP - Instituto de Preparaci\u00f3n de Privados\" \/>\n<meta property=\"og:description\" content=\"AUMENTO DE SALARIO MINIMO PARA EL A\u00d1O 2023, ACUERDO GUBERNATIVO 353-2022 . ANTECEDENTE: Por medio del Acuerdo Gubernativo n\u00famero 285-2021, de fecha 21 de diciembre de 2021, se crearon las Comisiones Paritarias de Salarios M\u00ednimos por Circunscripci\u00f3n y Actividad Econ\u00f3mica, siendo estas las Comisiones Paritarias para la Actividad Agr\u00edcola, No agr\u00edcola, Exportadora y de Maquila [&hellip;]\" \/>\n<meta property=\"og:url\" content=\"https:\/\/idepprivados.com\/index.php\/aspectos-del-acuerdo-gubernativo-353-2022-que-contiene-los-salarios-minimos-para-las-actividades-economicas-por-circunscripcion-economica-en-la-republica-de-guatemala-2023\/\" \/>\n<meta property=\"og:site_name\" content=\"IDEP - Instituto de Preparaci\u00f3n de Privados\" \/>\n<meta property=\"article:publisher\" content=\"https:\/\/www.facebook.com\/profile.php?id=100086724848823\" \/>\n<meta property=\"article:modified_time\" content=\"2023-01-05T22:56:24+00:00\" \/>\n<meta property=\"og:image\" content=\"https:\/\/idepprivados.com\/wp-content\/uploads\/elementor\/thumbs\/WhatsApp-Image-2022-12-23-at-10.48.53-AM-pzlfm8k48u8m7z1una8l8sq8md8timmk2uxd0hly6w.jpeg\" \/>\n<meta name=\"twitter:card\" content=\"summary_large_image\" \/>\n<script type=\"application\/ld+json\" class=\"yoast-schema-graph\">{\"@context\":\"https:\/\/schema.org\",\"@graph\":[{\"@type\":\"WebPage\",\"@id\":\"https:\/\/idepprivados.com\/index.php\/aspectos-del-acuerdo-gubernativo-353-2022-que-contiene-los-salarios-minimos-para-las-actividades-economicas-por-circunscripcion-economica-en-la-republica-de-guatemala-2023\/\",\"url\":\"https:\/\/idepprivados.com\/index.php\/aspectos-del-acuerdo-gubernativo-353-2022-que-contiene-los-salarios-minimos-para-las-actividades-economicas-por-circunscripcion-economica-en-la-republica-de-guatemala-2023\/\",\"name\":\"ASPECTOS DEL ACUERDO GUBERNATIVO 353-2022 QUE CONTIENE LOS SALARIOS MINIMOS PARA LAS ACTIVIDADES ECONOMICAS POR CIRCUNSCRIPCI\u00d3N ECONOMICA EN LA REP\u00daBLICA DE GUATEMALA 2023 &#8211; IDEP - Instituto de Preparaci\u00f3n de Privados\",\"isPartOf\":{\"@id\":\"https:\/\/idepprivados.com\/#website\"},\"primaryImageOfPage\":{\"@id\":\"https:\/\/idepprivados.com\/index.php\/aspectos-del-acuerdo-gubernativo-353-2022-que-contiene-los-salarios-minimos-para-las-actividades-economicas-por-circunscripcion-economica-en-la-republica-de-guatemala-2023\/#primaryimage\"},\"image\":{\"@id\":\"https:\/\/idepprivados.com\/index.php\/aspectos-del-acuerdo-gubernativo-353-2022-que-contiene-los-salarios-minimos-para-las-actividades-economicas-por-circunscripcion-economica-en-la-republica-de-guatemala-2023\/#primaryimage\"},\"thumbnailUrl\":\"https:\/\/idepprivados.com\/wp-content\/uploads\/elementor\/thumbs\/WhatsApp-Image-2022-12-23-at-10.48.53-AM-pzlfm8k48u8m7z1una8l8sq8md8timmk2uxd0hly6w.jpeg\",\"datePublished\":\"2022-12-23T16:52:04+00:00\",\"dateModified\":\"2023-01-05T22:56:24+00:00\",\"breadcrumb\":{\"@id\":\"https:\/\/idepprivados.com\/index.php\/aspectos-del-acuerdo-gubernativo-353-2022-que-contiene-los-salarios-minimos-para-las-actividades-economicas-por-circunscripcion-economica-en-la-republica-de-guatemala-2023\/#breadcrumb\"},\"inLanguage\":\"es\",\"potentialAction\":[{\"@type\":\"ReadAction\",\"target\":[\"https:\/\/idepprivados.com\/index.php\/aspectos-del-acuerdo-gubernativo-353-2022-que-contiene-los-salarios-minimos-para-las-actividades-economicas-por-circunscripcion-economica-en-la-republica-de-guatemala-2023\/\"]}]},{\"@type\":\"ImageObject\",\"inLanguage\":\"es\",\"@id\":\"https:\/\/idepprivados.com\/index.php\/aspectos-del-acuerdo-gubernativo-353-2022-que-contiene-los-salarios-minimos-para-las-actividades-economicas-por-circunscripcion-economica-en-la-republica-de-guatemala-2023\/#primaryimage\",\"url\":\"https:\/\/idepprivados.com\/wp-content\/uploads\/elementor\/thumbs\/WhatsApp-Image-2022-12-23-at-10.48.53-AM-pzlfm8k48u8m7z1una8l8sq8md8timmk2uxd0hly6w.jpeg\",\"contentUrl\":\"https:\/\/idepprivados.com\/wp-content\/uploads\/elementor\/thumbs\/WhatsApp-Image-2022-12-23-at-10.48.53-AM-pzlfm8k48u8m7z1una8l8sq8md8timmk2uxd0hly6w.jpeg\"},{\"@type\":\"BreadcrumbList\",\"@id\":\"https:\/\/idepprivados.com\/index.php\/aspectos-del-acuerdo-gubernativo-353-2022-que-contiene-los-salarios-minimos-para-las-actividades-economicas-por-circunscripcion-economica-en-la-republica-de-guatemala-2023\/#breadcrumb\",\"itemListElement\":[{\"@type\":\"ListItem\",\"position\":1,\"name\":\"Portada\",\"item\":\"https:\/\/idepprivados.com\/\"},{\"@type\":\"ListItem\",\"position\":2,\"name\":\"ASPECTOS DEL ACUERDO GUBERNATIVO 353-2022 QUE CONTIENE LOS SALARIOS MINIMOS PARA LAS ACTIVIDADES ECONOMICAS POR CIRCUNSCRIPCI\u00d3N ECONOMICA EN LA REP\u00daBLICA DE GUATEMALA 2023\"}]},{\"@type\":\"WebSite\",\"@id\":\"https:\/\/idepprivados.com\/#website\",\"url\":\"https:\/\/idepprivados.com\/\",\"name\":\"IDEP - Instituto de Preparaci\u00f3n de Privados\",\"description\":\"Instituto de Preparaci\u00f3n de Privados\",\"publisher\":{\"@id\":\"https:\/\/idepprivados.com\/#organization\"},\"potentialAction\":[{\"@type\":\"SearchAction\",\"target\":{\"@type\":\"EntryPoint\",\"urlTemplate\":\"https:\/\/idepprivados.com\/?s={search_term_string}\"},\"query-input\":{\"@type\":\"PropertyValueSpecification\",\"valueRequired\":true,\"valueName\":\"search_term_string\"}}],\"inLanguage\":\"es\"},{\"@type\":\"Organization\",\"@id\":\"https:\/\/idepprivados.com\/#organization\",\"name\":\"IDEP - Instituto de Preparaci\u00f3n de Privados\",\"url\":\"https:\/\/idepprivados.com\/\",\"logo\":{\"@type\":\"ImageObject\",\"inLanguage\":\"es\",\"@id\":\"https:\/\/idepprivados.com\/#\/schema\/logo\/image\/\",\"url\":\"https:\/\/idepprivados.com\/wp-content\/uploads\/2022\/10\/idep-02-4.png\",\"contentUrl\":\"https:\/\/idepprivados.com\/wp-content\/uploads\/2022\/10\/idep-02-4.png\",\"width\":2182,\"height\":2250,\"caption\":\"IDEP - Instituto de Preparaci\u00f3n de Privados\"},\"image\":{\"@id\":\"https:\/\/idepprivados.com\/#\/schema\/logo\/image\/\"},\"sameAs\":[\"https:\/\/www.facebook.com\/profile.php?id=100086724848823\"]}]}<\/script>\n<!-- \/ Yoast SEO plugin. -->","yoast_head_json":{"title":"ASPECTOS DEL ACUERDO GUBERNATIVO 353-2022 QUE CONTIENE LOS SALARIOS MINIMOS PARA LAS ACTIVIDADES ECONOMICAS POR CIRCUNSCRIPCI\u00d3N ECONOMICA EN LA REP\u00daBLICA DE GUATEMALA 2023 &#8211; IDEP - Instituto de Preparaci\u00f3n de Privados","robots":{"index":"index","follow":"follow","max-snippet":"max-snippet:-1","max-image-preview":"max-image-preview:large","max-video-preview":"max-video-preview:-1"},"canonical":"https:\/\/idepprivados.com\/index.php\/aspectos-del-acuerdo-gubernativo-353-2022-que-contiene-los-salarios-minimos-para-las-actividades-economicas-por-circunscripcion-economica-en-la-republica-de-guatemala-2023\/","og_locale":"es_ES","og_type":"article","og_title":"ASPECTOS DEL ACUERDO GUBERNATIVO 353-2022 QUE CONTIENE LOS SALARIOS MINIMOS PARA LAS ACTIVIDADES ECONOMICAS POR CIRCUNSCRIPCI\u00d3N ECONOMICA EN LA REP\u00daBLICA DE GUATEMALA 2023 &#8211; IDEP - Instituto de Preparaci\u00f3n de Privados","og_description":"AUMENTO DE SALARIO MINIMO PARA EL A\u00d1O 2023, ACUERDO GUBERNATIVO 353-2022 . ANTECEDENTE: Por medio del Acuerdo Gubernativo n\u00famero 285-2021, de fecha 21 de diciembre de 2021, se crearon las Comisiones Paritarias de Salarios M\u00ednimos por Circunscripci\u00f3n y Actividad Econ\u00f3mica, siendo estas las Comisiones Paritarias para la Actividad Agr\u00edcola, No agr\u00edcola, Exportadora y de Maquila [&hellip;]","og_url":"https:\/\/idepprivados.com\/index.php\/aspectos-del-acuerdo-gubernativo-353-2022-que-contiene-los-salarios-minimos-para-las-actividades-economicas-por-circunscripcion-economica-en-la-republica-de-guatemala-2023\/","og_site_name":"IDEP - Instituto de Preparaci\u00f3n de Privados","article_publisher":"https:\/\/www.facebook.com\/profile.php?id=100086724848823","article_modified_time":"2023-01-05T22:56:24+00:00","og_image":[{"url":"https:\/\/idepprivados.com\/wp-content\/uploads\/elementor\/thumbs\/WhatsApp-Image-2022-12-23-at-10.48.53-AM-pzlfm8k48u8m7z1una8l8sq8md8timmk2uxd0hly6w.jpeg","type":"","width":"","height":""}],"twitter_card":"summary_large_image","schema":{"@context":"https:\/\/schema.org","@graph":[{"@type":"WebPage","@id":"https:\/\/idepprivados.com\/index.php\/aspectos-del-acuerdo-gubernativo-353-2022-que-contiene-los-salarios-minimos-para-las-actividades-economicas-por-circunscripcion-economica-en-la-republica-de-guatemala-2023\/","url":"https:\/\/idepprivados.com\/index.php\/aspectos-del-acuerdo-gubernativo-353-2022-que-contiene-los-salarios-minimos-para-las-actividades-economicas-por-circunscripcion-economica-en-la-republica-de-guatemala-2023\/","name":"ASPECTOS DEL ACUERDO GUBERNATIVO 353-2022 QUE CONTIENE LOS SALARIOS MINIMOS PARA LAS ACTIVIDADES ECONOMICAS POR CIRCUNSCRIPCI\u00d3N ECONOMICA EN LA REP\u00daBLICA DE GUATEMALA 2023 &#8211; IDEP - Instituto de Preparaci\u00f3n de Privados","isPartOf":{"@id":"https:\/\/idepprivados.com\/#website"},"primaryImageOfPage":{"@id":"https:\/\/idepprivados.com\/index.php\/aspectos-del-acuerdo-gubernativo-353-2022-que-contiene-los-salarios-minimos-para-las-actividades-economicas-por-circunscripcion-economica-en-la-republica-de-guatemala-2023\/#primaryimage"},"image":{"@id":"https:\/\/idepprivados.com\/index.php\/aspectos-del-acuerdo-gubernativo-353-2022-que-contiene-los-salarios-minimos-para-las-actividades-economicas-por-circunscripcion-economica-en-la-republica-de-guatemala-2023\/#primaryimage"},"thumbnailUrl":"https:\/\/idepprivados.com\/wp-content\/uploads\/elementor\/thumbs\/WhatsApp-Image-2022-12-23-at-10.48.53-AM-pzlfm8k48u8m7z1una8l8sq8md8timmk2uxd0hly6w.jpeg","datePublished":"2022-12-23T16:52:04+00:00","dateModified":"2023-01-05T22:56:24+00:00","breadcrumb":{"@id":"https:\/\/idepprivados.com\/index.php\/aspectos-del-acuerdo-gubernativo-353-2022-que-contiene-los-salarios-minimos-para-las-actividades-economicas-por-circunscripcion-economica-en-la-republica-de-guatemala-2023\/#breadcrumb"},"inLanguage":"es","potentialAction":[{"@type":"ReadAction","target":["https:\/\/idepprivados.com\/index.php\/aspectos-del-acuerdo-gubernativo-353-2022-que-contiene-los-salarios-minimos-para-las-actividades-economicas-por-circunscripcion-economica-en-la-republica-de-guatemala-2023\/"]}]},{"@type":"ImageObject","inLanguage":"es","@id":"https:\/\/idepprivados.com\/index.php\/aspectos-del-acuerdo-gubernativo-353-2022-que-contiene-los-salarios-minimos-para-las-actividades-economicas-por-circunscripcion-economica-en-la-republica-de-guatemala-2023\/#primaryimage","url":"https:\/\/idepprivados.com\/wp-content\/uploads\/elementor\/thumbs\/WhatsApp-Image-2022-12-23-at-10.48.53-AM-pzlfm8k48u8m7z1una8l8sq8md8timmk2uxd0hly6w.jpeg","contentUrl":"https:\/\/idepprivados.com\/wp-content\/uploads\/elementor\/thumbs\/WhatsApp-Image-2022-12-23-at-10.48.53-AM-pzlfm8k48u8m7z1una8l8sq8md8timmk2uxd0hly6w.jpeg"},{"@type":"BreadcrumbList","@id":"https:\/\/idepprivados.com\/index.php\/aspectos-del-acuerdo-gubernativo-353-2022-que-contiene-los-salarios-minimos-para-las-actividades-economicas-por-circunscripcion-economica-en-la-republica-de-guatemala-2023\/#breadcrumb","itemListElement":[{"@type":"ListItem","position":1,"name":"Portada","item":"https:\/\/idepprivados.com\/"},{"@type":"ListItem","position":2,"name":"ASPECTOS DEL ACUERDO GUBERNATIVO 353-2022 QUE CONTIENE LOS SALARIOS MINIMOS PARA LAS ACTIVIDADES ECONOMICAS POR CIRCUNSCRIPCI\u00d3N ECONOMICA EN LA REP\u00daBLICA DE GUATEMALA 2023"}]},{"@type":"WebSite","@id":"https:\/\/idepprivados.com\/#website","url":"https:\/\/idepprivados.com\/","name":"IDEP - Instituto de Preparaci\u00f3n de Privados","description":"Instituto de Preparaci\u00f3n de Privados","publisher":{"@id":"https:\/\/idepprivados.com\/#organization"},"potentialAction":[{"@type":"SearchAction","target":{"@type":"EntryPoint","urlTemplate":"https:\/\/idepprivados.com\/?s={search_term_string}"},"query-input":{"@type":"PropertyValueSpecification","valueRequired":true,"valueName":"search_term_string"}}],"inLanguage":"es"},{"@type":"Organization","@id":"https:\/\/idepprivados.com\/#organization","name":"IDEP - Instituto de Preparaci\u00f3n de Privados","url":"https:\/\/idepprivados.com\/","logo":{"@type":"ImageObject","inLanguage":"es","@id":"https:\/\/idepprivados.com\/#\/schema\/logo\/image\/","url":"https:\/\/idepprivados.com\/wp-content\/uploads\/2022\/10\/idep-02-4.png","contentUrl":"https:\/\/idepprivados.com\/wp-content\/uploads\/2022\/10\/idep-02-4.png","width":2182,"height":2250,"caption":"IDEP - Instituto de Preparaci\u00f3n de Privados"},"image":{"@id":"https:\/\/idepprivados.com\/#\/schema\/logo\/image\/"},"sameAs":["https:\/\/www.facebook.com\/profile.php?id=100086724848823"]}]}},"_links":{"self":[{"href":"https:\/\/idepprivados.com\/index.php\/wp-json\/wp\/v2\/pages\/25532","targetHints":{"allow":["GET"]}}],"collection":[{"href":"https:\/\/idepprivados.com\/index.php\/wp-json\/wp\/v2\/pages"}],"about":[{"href":"https:\/\/idepprivados.com\/index.php\/wp-json\/wp\/v2\/types\/page"}],"author":[{"embeddable":true,"href":"https:\/\/idepprivados.com\/index.php\/wp-json\/wp\/v2\/users\/1"}],"replies":[{"embeddable":true,"href":"https:\/\/idepprivados.com\/index.php\/wp-json\/wp\/v2\/comments?post=25532"}],"version-history":[{"count":52,"href":"https:\/\/idepprivados.com\/index.php\/wp-json\/wp\/v2\/pages\/25532\/revisions"}],"predecessor-version":[{"id":25611,"href":"https:\/\/idepprivados.com\/index.php\/wp-json\/wp\/v2\/pages\/25532\/revisions\/25611"}],"wp:attachment":[{"href":"https:\/\/idepprivados.com\/index.php\/wp-json\/wp\/v2\/media?parent=25532"}],"curies":[{"name":"wp","href":"https:\/\/api.w.org\/{rel}","templated":true}]}}