{"id":25598,"date":"2023-01-05T22:44:38","date_gmt":"2023-01-05T22:44:38","guid":{"rendered":"https:\/\/idepprivados.com\/?page_id=25598"},"modified":"2023-01-05T22:57:46","modified_gmt":"2023-01-05T22:57:46","slug":"cuestionario-ley-de-organismo-legislativo-preguntas-relevantes-en-tu-examen-tecnico-profesional","status":"publish","type":"page","link":"https:\/\/idepprivados.com\/index.php\/cuestionario-ley-de-organismo-legislativo-preguntas-relevantes-en-tu-examen-tecnico-profesional\/","title":{"rendered":"CUESTIONARIO | Ley de Organismo Legislativo, preguntas relevantes en tu examen t\u00e9cnico profesional."},"content":{"rendered":"\t\t<div data-elementor-type=\"wp-page\" data-elementor-id=\"25598\" class=\"elementor elementor-25598\" data-elementor-settings=\"{&quot;ha_cmc_init_switcher&quot;:&quot;no&quot;}\">\n\t\t\t\t\t\t<section class=\"elementor-section elementor-top-section elementor-element elementor-element-f8d14cb elementor-section-boxed elementor-section-height-default elementor-section-height-default\" data-id=\"f8d14cb\" data-element_type=\"section\" data-settings=\"{&quot;background_background&quot;:&quot;classic&quot;,&quot;_ha_eqh_enable&quot;:false}\">\n\t\t\t\t\t\t<div class=\"elementor-container elementor-column-gap-default\">\n\t\t\t\t\t<div class=\"elementor-column elementor-col-100 elementor-top-column elementor-element elementor-element-f05bebf\" data-id=\"f05bebf\" data-element_type=\"column\">\n\t\t\t<div class=\"elementor-widget-wrap elementor-element-populated\">\n\t\t\t\t\t\t<div class=\"elementor-element elementor-element-5f3592a elementor-widget elementor-widget-image\" data-id=\"5f3592a\" data-element_type=\"widget\" data-widget_type=\"image.default\">\n\t\t\t\t<div class=\"elementor-widget-container\">\n\t\t\t\t\t\t\t\t\t\t\t\t\t\t\t<img decoding=\"async\" src=\"https:\/\/idepprivados.com\/wp-content\/uploads\/elementor\/thumbs\/WhatsApp-Image-2023-01-05-at-4.35.18-PM-q08h9tkf8kpjo6pwxpme7tfa3rq6jmv2ho79zon908.jpeg\" title=\"\" alt=\"\" loading=\"lazy\" \/>\t\t\t\t\t\t\t\t\t\t\t\t\t\t\t<\/div>\n\t\t\t\t<\/div>\n\t\t\t\t<div class=\"elementor-element elementor-element-81a9265 elementor-widget elementor-widget-text-editor\" data-id=\"81a9265\" data-element_type=\"widget\" data-widget_type=\"text-editor.default\">\n\t\t\t\t<div class=\"elementor-widget-container\">\n\t\t\t\t\t\t\t\t\t<p>EL ORGANISMO LEGISLATIVO.<\/p><p><br \/>Congreso de la Rep\u00fablica de Guatemala es el \u00f3rgano legislativo unicameral de Guatemala. Est\u00e1 conformado por 160 diputados electos democr\u00e1ticamente, de manera directa, para un per\u00edodo de cuatro a\u00f1os con posibilidad de reelecci\u00f3n.<\/p><p>Ejercer la potestad legislativa, de conformidad con lo que establece la Constituci\u00f3n Pol\u00edtica de la Rep\u00fablica, con total independencia de los otros Organismos del Estado.<\/p><p>Direcci\u00f3n: 9 Avenida, 9-44 Zona1,<br \/>Guatemala, Ciudad.<\/p>\t\t\t\t\t\t\t\t<\/div>\n\t\t\t\t<\/div>\n\t\t\t\t<div class=\"elementor-element elementor-element-d5c3f17 elementor-widget elementor-widget-text-editor\" data-id=\"d5c3f17\" data-element_type=\"widget\" data-widget_type=\"text-editor.default\">\n\t\t\t\t<div class=\"elementor-widget-container\">\n\t\t\t\t\t\t\t\t\t1.003 lecturas\t\t\t\t\t\t\t\t<\/div>\n\t\t\t\t<\/div>\n\t\t\t\t<section class=\"elementor-section elementor-inner-section elementor-element elementor-element-9ebf98c elementor-section-full_width elementor-section-content-middle elementor-section-height-default elementor-section-height-default\" data-id=\"9ebf98c\" data-element_type=\"section\" data-settings=\"{&quot;_ha_eqh_enable&quot;:false}\">\n\t\t\t\t\t\t<div class=\"elementor-container elementor-column-gap-default\">\n\t\t\t\t\t<div class=\"elementor-column elementor-col-100 elementor-inner-column elementor-element elementor-element-4e85300\" data-id=\"4e85300\" data-element_type=\"column\" data-settings=\"{&quot;background_background&quot;:&quot;classic&quot;}\">\n\t\t\t<div class=\"elementor-widget-wrap elementor-element-populated\">\n\t\t\t\t\t\t<div class=\"elementor-element elementor-element-16135b8 elementor-view-framed elementor-position-right elementor-shape-circle elementor-mobile-position-top elementor-vertical-align-top elementor-widget elementor-widget-icon-box\" data-id=\"16135b8\" data-element_type=\"widget\" data-widget_type=\"icon-box.default\">\n\t\t\t\t<div class=\"elementor-widget-container\">\n\t\t\t\t\t\t\t<div class=\"elementor-icon-box-wrapper\">\n\n\t\t\t\t\t\t<div class=\"elementor-icon-box-icon\">\n\t\t\t\t<span  class=\"elementor-icon\">\n\t\t\t\t<i aria-hidden=\"true\" class=\"far fa-folder-open\"><\/i>\t\t\t\t<\/span>\n\t\t\t<\/div>\n\t\t\t\n\t\t\t\n\t\t<\/div>\n\t\t\t\t\t\t<\/div>\n\t\t\t\t<\/div>\n\t\t\t\t<div class=\"elementor-element elementor-element-94cd399 elementor-widget elementor-widget-text-editor\" data-id=\"94cd399\" data-element_type=\"widget\" data-widget_type=\"text-editor.default\">\n\t\t\t\t<div class=\"elementor-widget-container\">\n\t\t\t\t\t\t\t\t\t<a href=\"https:\/\/idepprivados.com\/wp-content\/uploads\/2023\/01\/CUESTIONARIO-LEY-DEL-ORGANISMO-LEGISLATIVO.pdf\" class=\"pdfemb-viewer\" style=\"\" data-width=\"max\" data-height=\"max\" data-toolbar=\"both\" data-toolbar-fixed=\"off\">CUESTIONARIO LEY DEL ORGANISMO LEGISLATIVO<\/a>\t\t\t\t\t\t\t\t<\/div>\n\t\t\t\t<\/div>\n\t\t\t\t<div class=\"elementor-element elementor-element-e407b6c elementor-align-center elementor-widget elementor-widget-button\" data-id=\"e407b6c\" data-element_type=\"widget\" data-widget_type=\"button.default\">\n\t\t\t\t<div class=\"elementor-widget-container\">\n\t\t\t\t\t\t\t\t\t<div class=\"elementor-button-wrapper\">\n\t\t\t\t\t<a class=\"elementor-button elementor-button-link elementor-size-sm\" href=\"https:\/\/idepprivados.com\/wp-content\/uploads\/2023\/01\/CUESTIONARIO-LEY-DEL-ORGANISMO-LEGISLATIVO.pdf\">\n\t\t\t\t\t\t<span class=\"elementor-button-content-wrapper\">\n\t\t\t\t\t\t\t\t\t<span class=\"elementor-button-text\">Descargar<\/span>\n\t\t\t\t\t<\/span>\n\t\t\t\t\t<\/a>\n\t\t\t\t<\/div>\n\t\t\t\t\t\t\t\t<\/div>\n\t\t\t\t<\/div>\n\t\t\t\t\t<\/div>\n\t\t<\/div>\n\t\t\t\t\t<\/div>\n\t\t<\/section>\n\t\t\t\t\t<\/div>\n\t\t<\/div>\n\t\t\t\t\t<\/div>\n\t\t<\/section>\n\t\t\t\t<\/div>\n\t\t","protected":false},"excerpt":{"rendered":"<p>EL ORGANISMO LEGISLATIVO. Congreso de la Rep\u00fablica de Guatemala es el \u00f3rgano legislativo unicameral de Guatemala. Est\u00e1 conformado por 160 diputados electos democr\u00e1ticamente, de manera directa, para un per\u00edodo de cuatro a\u00f1os con posibilidad de reelecci\u00f3n. Ejercer la potestad legislativa, de conformidad con lo que establece la Constituci\u00f3n Pol\u00edtica de la Rep\u00fablica, con total independencia [&hellip;]<\/p>\n","protected":false},"author":1,"featured_media":0,"parent":0,"menu_order":0,"comment_status":"closed","ping_status":"closed","template":"","meta":{"_eb_attr":"","site-sidebar-layout":"no-sidebar","site-content-layout":"page-builder","ast-site-content-layout":"","site-content-style":"default","site-sidebar-style":"default","ast-global-header-display":"","ast-banner-title-visibility":"","ast-main-header-display":"","ast-hfb-above-header-display":"","ast-hfb-below-header-display":"","ast-hfb-mobile-header-display":"","site-post-title":"disabled","ast-breadcrumbs-content":"","ast-featured-img":"disabled","footer-sml-layout":"","theme-transparent-header-meta":"","adv-header-id-meta":"","stick-header-meta":"","header-above-stick-meta":"","header-main-stick-meta":"","header-below-stick-meta":"","astra-migrate-meta-layouts":"default","ast-page-background-enabled":"default","ast-page-background-meta":{"desktop":{"background-color":"","background-image":"","background-repeat":"repeat","background-position":"center center","background-size":"auto","background-attachment":"scroll","background-type":"","background-media":"","overlay-type":"","overlay-color":"","overlay-opacity":"","overlay-gradient":""},"tablet":{"background-color":"","background-image":"","background-repeat":"repeat","background-position":"center center","background-size":"auto","background-attachment":"scroll","background-type":"","background-media":"","overlay-type":"","overlay-color":"","overlay-opacity":"","overlay-gradient":""},"mobile":{"background-color":"","background-image":"","background-repeat":"repeat","background-position":"center center","background-size":"auto","background-attachment":"scroll","background-type":"","background-media":"","overlay-type":"","overlay-color":"","overlay-opacity":"","overlay-gradient":""}},"ast-content-background-meta":{"desktop":{"background-color":"var(--ast-global-color-5)","background-image":"","background-repeat":"repeat","background-position":"center center","background-size":"auto","background-attachment":"scroll","background-type":"","background-media":"","overlay-type":"","overlay-color":"","overlay-opacity":"","overlay-gradient":""},"tablet":{"background-color":"var(--ast-global-color-5)","background-image":"","background-repeat":"repeat","background-position":"center center","background-size":"auto","background-attachment":"scroll","background-type":"","background-media":"","overlay-type":"","overlay-color":"","overlay-opacity":"","overlay-gradient":""},"mobile":{"background-color":"var(--ast-global-color-5)","background-image":"","background-repeat":"repeat","background-position":"center center","background-size":"auto","background-attachment":"scroll","background-type":"","background-media":"","overlay-type":"","overlay-color":"","overlay-opacity":"","overlay-gradient":""}},"_joinchat":[],"footnotes":""},"class_list":["post-25598","page","type-page","status-publish","hentry"],"yoast_head":"<!-- This site is optimized with the Yoast SEO plugin v25.2 - https:\/\/yoast.com\/wordpress\/plugins\/seo\/ -->\n<title>CUESTIONARIO | Ley de Organismo Legislativo, preguntas relevantes en tu examen t\u00e9cnico profesional. &#8211; IDEP - Instituto de Preparaci\u00f3n de Privados<\/title>\n<meta name=\"robots\" content=\"index, follow, max-snippet:-1, max-image-preview:large, max-video-preview:-1\" \/>\n<link rel=\"canonical\" href=\"https:\/\/idepprivados.com\/index.php\/cuestionario-ley-de-organismo-legislativo-preguntas-relevantes-en-tu-examen-tecnico-profesional\/\" \/>\n<meta property=\"og:locale\" content=\"es_ES\" \/>\n<meta property=\"og:type\" content=\"article\" \/>\n<meta property=\"og:title\" content=\"CUESTIONARIO | Ley de Organismo Legislativo, preguntas relevantes en tu examen t\u00e9cnico profesional. &#8211; IDEP - Instituto de Preparaci\u00f3n de Privados\" \/>\n<meta property=\"og:description\" content=\"EL ORGANISMO LEGISLATIVO. Congreso de la Rep\u00fablica de Guatemala es el \u00f3rgano legislativo unicameral de Guatemala. Est\u00e1 conformado por 160 diputados electos democr\u00e1ticamente, de manera directa, para un per\u00edodo de cuatro a\u00f1os con posibilidad de reelecci\u00f3n. Ejercer la potestad legislativa, de conformidad con lo que establece la Constituci\u00f3n Pol\u00edtica de la Rep\u00fablica, con total independencia [&hellip;]\" \/>\n<meta property=\"og:url\" content=\"https:\/\/idepprivados.com\/index.php\/cuestionario-ley-de-organismo-legislativo-preguntas-relevantes-en-tu-examen-tecnico-profesional\/\" \/>\n<meta property=\"og:site_name\" content=\"IDEP - Instituto de Preparaci\u00f3n de Privados\" \/>\n<meta property=\"article:publisher\" content=\"https:\/\/www.facebook.com\/profile.php?id=100086724848823\" \/>\n<meta property=\"article:modified_time\" content=\"2023-01-05T22:57:46+00:00\" \/>\n<meta property=\"og:image\" content=\"https:\/\/idepprivados.com\/wp-content\/uploads\/elementor\/thumbs\/WhatsApp-Image-2023-01-05-at-4.35.18-PM-q08h9tkf8kpjo6pwxpme7tfa3rq6jmv2ho79zon908.jpeg\" \/>\n<meta name=\"twitter:card\" content=\"summary_large_image\" \/>\n<script type=\"application\/ld+json\" class=\"yoast-schema-graph\">{\"@context\":\"https:\/\/schema.org\",\"@graph\":[{\"@type\":\"WebPage\",\"@id\":\"https:\/\/idepprivados.com\/index.php\/cuestionario-ley-de-organismo-legislativo-preguntas-relevantes-en-tu-examen-tecnico-profesional\/\",\"url\":\"https:\/\/idepprivados.com\/index.php\/cuestionario-ley-de-organismo-legislativo-preguntas-relevantes-en-tu-examen-tecnico-profesional\/\",\"name\":\"CUESTIONARIO | Ley de Organismo Legislativo, preguntas relevantes en tu examen t\u00e9cnico profesional. &#8211; IDEP - Instituto de Preparaci\u00f3n de Privados\",\"isPartOf\":{\"@id\":\"https:\/\/idepprivados.com\/#website\"},\"primaryImageOfPage\":{\"@id\":\"https:\/\/idepprivados.com\/index.php\/cuestionario-ley-de-organismo-legislativo-preguntas-relevantes-en-tu-examen-tecnico-profesional\/#primaryimage\"},\"image\":{\"@id\":\"https:\/\/idepprivados.com\/index.php\/cuestionario-ley-de-organismo-legislativo-preguntas-relevantes-en-tu-examen-tecnico-profesional\/#primaryimage\"},\"thumbnailUrl\":\"https:\/\/idepprivados.com\/wp-content\/uploads\/elementor\/thumbs\/WhatsApp-Image-2023-01-05-at-4.35.18-PM-q08h9tkf8kpjo6pwxpme7tfa3rq6jmv2ho79zon908.jpeg\",\"datePublished\":\"2023-01-05T22:44:38+00:00\",\"dateModified\":\"2023-01-05T22:57:46+00:00\",\"breadcrumb\":{\"@id\":\"https:\/\/idepprivados.com\/index.php\/cuestionario-ley-de-organismo-legislativo-preguntas-relevantes-en-tu-examen-tecnico-profesional\/#breadcrumb\"},\"inLanguage\":\"es\",\"potentialAction\":[{\"@type\":\"ReadAction\",\"target\":[\"https:\/\/idepprivados.com\/index.php\/cuestionario-ley-de-organismo-legislativo-preguntas-relevantes-en-tu-examen-tecnico-profesional\/\"]}]},{\"@type\":\"ImageObject\",\"inLanguage\":\"es\",\"@id\":\"https:\/\/idepprivados.com\/index.php\/cuestionario-ley-de-organismo-legislativo-preguntas-relevantes-en-tu-examen-tecnico-profesional\/#primaryimage\",\"url\":\"https:\/\/idepprivados.com\/wp-content\/uploads\/elementor\/thumbs\/WhatsApp-Image-2023-01-05-at-4.35.18-PM-q08h9tkf8kpjo6pwxpme7tfa3rq6jmv2ho79zon908.jpeg\",\"contentUrl\":\"https:\/\/idepprivados.com\/wp-content\/uploads\/elementor\/thumbs\/WhatsApp-Image-2023-01-05-at-4.35.18-PM-q08h9tkf8kpjo6pwxpme7tfa3rq6jmv2ho79zon908.jpeg\"},{\"@type\":\"BreadcrumbList\",\"@id\":\"https:\/\/idepprivados.com\/index.php\/cuestionario-ley-de-organismo-legislativo-preguntas-relevantes-en-tu-examen-tecnico-profesional\/#breadcrumb\",\"itemListElement\":[{\"@type\":\"ListItem\",\"position\":1,\"name\":\"Portada\",\"item\":\"https:\/\/idepprivados.com\/\"},{\"@type\":\"ListItem\",\"position\":2,\"name\":\"CUESTIONARIO | Ley de Organismo Legislativo, preguntas relevantes en tu examen t\u00e9cnico profesional.\"}]},{\"@type\":\"WebSite\",\"@id\":\"https:\/\/idepprivados.com\/#website\",\"url\":\"https:\/\/idepprivados.com\/\",\"name\":\"IDEP - Instituto de Preparaci\u00f3n de Privados\",\"description\":\"Instituto de Preparaci\u00f3n de Privados\",\"publisher\":{\"@id\":\"https:\/\/idepprivados.com\/#organization\"},\"potentialAction\":[{\"@type\":\"SearchAction\",\"target\":{\"@type\":\"EntryPoint\",\"urlTemplate\":\"https:\/\/idepprivados.com\/?s={search_term_string}\"},\"query-input\":{\"@type\":\"PropertyValueSpecification\",\"valueRequired\":true,\"valueName\":\"search_term_string\"}}],\"inLanguage\":\"es\"},{\"@type\":\"Organization\",\"@id\":\"https:\/\/idepprivados.com\/#organization\",\"name\":\"IDEP - Instituto de Preparaci\u00f3n de Privados\",\"url\":\"https:\/\/idepprivados.com\/\",\"logo\":{\"@type\":\"ImageObject\",\"inLanguage\":\"es\",\"@id\":\"https:\/\/idepprivados.com\/#\/schema\/logo\/image\/\",\"url\":\"https:\/\/idepprivados.com\/wp-content\/uploads\/2022\/10\/idep-02-4.png\",\"contentUrl\":\"https:\/\/idepprivados.com\/wp-content\/uploads\/2022\/10\/idep-02-4.png\",\"width\":2182,\"height\":2250,\"caption\":\"IDEP - Instituto de Preparaci\u00f3n de Privados\"},\"image\":{\"@id\":\"https:\/\/idepprivados.com\/#\/schema\/logo\/image\/\"},\"sameAs\":[\"https:\/\/www.facebook.com\/profile.php?id=100086724848823\"]}]}<\/script>\n<!-- \/ Yoast SEO plugin. -->","yoast_head_json":{"title":"CUESTIONARIO | Ley de Organismo Legislativo, preguntas relevantes en tu examen t\u00e9cnico profesional. &#8211; IDEP - Instituto de Preparaci\u00f3n de Privados","robots":{"index":"index","follow":"follow","max-snippet":"max-snippet:-1","max-image-preview":"max-image-preview:large","max-video-preview":"max-video-preview:-1"},"canonical":"https:\/\/idepprivados.com\/index.php\/cuestionario-ley-de-organismo-legislativo-preguntas-relevantes-en-tu-examen-tecnico-profesional\/","og_locale":"es_ES","og_type":"article","og_title":"CUESTIONARIO | Ley de Organismo Legislativo, preguntas relevantes en tu examen t\u00e9cnico profesional. &#8211; IDEP - Instituto de Preparaci\u00f3n de Privados","og_description":"EL ORGANISMO LEGISLATIVO. Congreso de la Rep\u00fablica de Guatemala es el \u00f3rgano legislativo unicameral de Guatemala. Est\u00e1 conformado por 160 diputados electos democr\u00e1ticamente, de manera directa, para un per\u00edodo de cuatro a\u00f1os con posibilidad de reelecci\u00f3n. Ejercer la potestad legislativa, de conformidad con lo que establece la Constituci\u00f3n Pol\u00edtica de la Rep\u00fablica, con total independencia [&hellip;]","og_url":"https:\/\/idepprivados.com\/index.php\/cuestionario-ley-de-organismo-legislativo-preguntas-relevantes-en-tu-examen-tecnico-profesional\/","og_site_name":"IDEP - Instituto de Preparaci\u00f3n de Privados","article_publisher":"https:\/\/www.facebook.com\/profile.php?id=100086724848823","article_modified_time":"2023-01-05T22:57:46+00:00","og_image":[{"url":"https:\/\/idepprivados.com\/wp-content\/uploads\/elementor\/thumbs\/WhatsApp-Image-2023-01-05-at-4.35.18-PM-q08h9tkf8kpjo6pwxpme7tfa3rq6jmv2ho79zon908.jpeg","type":"","width":"","height":""}],"twitter_card":"summary_large_image","schema":{"@context":"https:\/\/schema.org","@graph":[{"@type":"WebPage","@id":"https:\/\/idepprivados.com\/index.php\/cuestionario-ley-de-organismo-legislativo-preguntas-relevantes-en-tu-examen-tecnico-profesional\/","url":"https:\/\/idepprivados.com\/index.php\/cuestionario-ley-de-organismo-legislativo-preguntas-relevantes-en-tu-examen-tecnico-profesional\/","name":"CUESTIONARIO | Ley de Organismo Legislativo, preguntas relevantes en tu examen t\u00e9cnico profesional. &#8211; IDEP - Instituto de Preparaci\u00f3n de Privados","isPartOf":{"@id":"https:\/\/idepprivados.com\/#website"},"primaryImageOfPage":{"@id":"https:\/\/idepprivados.com\/index.php\/cuestionario-ley-de-organismo-legislativo-preguntas-relevantes-en-tu-examen-tecnico-profesional\/#primaryimage"},"image":{"@id":"https:\/\/idepprivados.com\/index.php\/cuestionario-ley-de-organismo-legislativo-preguntas-relevantes-en-tu-examen-tecnico-profesional\/#primaryimage"},"thumbnailUrl":"https:\/\/idepprivados.com\/wp-content\/uploads\/elementor\/thumbs\/WhatsApp-Image-2023-01-05-at-4.35.18-PM-q08h9tkf8kpjo6pwxpme7tfa3rq6jmv2ho79zon908.jpeg","datePublished":"2023-01-05T22:44:38+00:00","dateModified":"2023-01-05T22:57:46+00:00","breadcrumb":{"@id":"https:\/\/idepprivados.com\/index.php\/cuestionario-ley-de-organismo-legislativo-preguntas-relevantes-en-tu-examen-tecnico-profesional\/#breadcrumb"},"inLanguage":"es","potentialAction":[{"@type":"ReadAction","target":["https:\/\/idepprivados.com\/index.php\/cuestionario-ley-de-organismo-legislativo-preguntas-relevantes-en-tu-examen-tecnico-profesional\/"]}]},{"@type":"ImageObject","inLanguage":"es","@id":"https:\/\/idepprivados.com\/index.php\/cuestionario-ley-de-organismo-legislativo-preguntas-relevantes-en-tu-examen-tecnico-profesional\/#primaryimage","url":"https:\/\/idepprivados.com\/wp-content\/uploads\/elementor\/thumbs\/WhatsApp-Image-2023-01-05-at-4.35.18-PM-q08h9tkf8kpjo6pwxpme7tfa3rq6jmv2ho79zon908.jpeg","contentUrl":"https:\/\/idepprivados.com\/wp-content\/uploads\/elementor\/thumbs\/WhatsApp-Image-2023-01-05-at-4.35.18-PM-q08h9tkf8kpjo6pwxpme7tfa3rq6jmv2ho79zon908.jpeg"},{"@type":"BreadcrumbList","@id":"https:\/\/idepprivados.com\/index.php\/cuestionario-ley-de-organismo-legislativo-preguntas-relevantes-en-tu-examen-tecnico-profesional\/#breadcrumb","itemListElement":[{"@type":"ListItem","position":1,"name":"Portada","item":"https:\/\/idepprivados.com\/"},{"@type":"ListItem","position":2,"name":"CUESTIONARIO | Ley de Organismo Legislativo, preguntas relevantes en tu examen t\u00e9cnico profesional."}]},{"@type":"WebSite","@id":"https:\/\/idepprivados.com\/#website","url":"https:\/\/idepprivados.com\/","name":"IDEP - Instituto de Preparaci\u00f3n de Privados","description":"Instituto de Preparaci\u00f3n de Privados","publisher":{"@id":"https:\/\/idepprivados.com\/#organization"},"potentialAction":[{"@type":"SearchAction","target":{"@type":"EntryPoint","urlTemplate":"https:\/\/idepprivados.com\/?s={search_term_string}"},"query-input":{"@type":"PropertyValueSpecification","valueRequired":true,"valueName":"search_term_string"}}],"inLanguage":"es"},{"@type":"Organization","@id":"https:\/\/idepprivados.com\/#organization","name":"IDEP - Instituto de Preparaci\u00f3n de Privados","url":"https:\/\/idepprivados.com\/","logo":{"@type":"ImageObject","inLanguage":"es","@id":"https:\/\/idepprivados.com\/#\/schema\/logo\/image\/","url":"https:\/\/idepprivados.com\/wp-content\/uploads\/2022\/10\/idep-02-4.png","contentUrl":"https:\/\/idepprivados.com\/wp-content\/uploads\/2022\/10\/idep-02-4.png","width":2182,"height":2250,"caption":"IDEP - Instituto de Preparaci\u00f3n de Privados"},"image":{"@id":"https:\/\/idepprivados.com\/#\/schema\/logo\/image\/"},"sameAs":["https:\/\/www.facebook.com\/profile.php?id=100086724848823"]}]}},"_links":{"self":[{"href":"https:\/\/idepprivados.com\/index.php\/wp-json\/wp\/v2\/pages\/25598","targetHints":{"allow":["GET"]}}],"collection":[{"href":"https:\/\/idepprivados.com\/index.php\/wp-json\/wp\/v2\/pages"}],"about":[{"href":"https:\/\/idepprivados.com\/index.php\/wp-json\/wp\/v2\/types\/page"}],"author":[{"embeddable":true,"href":"https:\/\/idepprivados.com\/index.php\/wp-json\/wp\/v2\/users\/1"}],"replies":[{"embeddable":true,"href":"https:\/\/idepprivados.com\/index.php\/wp-json\/wp\/v2\/comments?post=25598"}],"version-history":[{"count":4,"href":"https:\/\/idepprivados.com\/index.php\/wp-json\/wp\/v2\/pages\/25598\/revisions"}],"predecessor-version":[{"id":25614,"href":"https:\/\/idepprivados.com\/index.php\/wp-json\/wp\/v2\/pages\/25598\/revisions\/25614"}],"wp:attachment":[{"href":"https:\/\/idepprivados.com\/index.php\/wp-json\/wp\/v2\/media?parent=25598"}],"curies":[{"name":"wp","href":"https:\/\/api.w.org\/{rel}","templated":true}]}}