{"id":25687,"date":"2023-02-22T22:29:45","date_gmt":"2023-02-22T22:29:45","guid":{"rendered":"https:\/\/idepprivados.com\/?page_id=25687"},"modified":"2023-02-22T22:37:14","modified_gmt":"2023-02-22T22:37:14","slug":"elecciones-2023","status":"publish","type":"page","link":"https:\/\/idepprivados.com\/index.php\/elecciones-2023\/","title":{"rendered":"Elecciones 2023"},"content":{"rendered":"\t\t<div data-elementor-type=\"wp-page\" data-elementor-id=\"25687\" class=\"elementor elementor-25687\" data-elementor-settings=\"{&quot;ha_cmc_init_switcher&quot;:&quot;no&quot;}\">\n\t\t\t\t\t\t<section class=\"elementor-section elementor-top-section elementor-element elementor-element-c9e0df8 elementor-section-boxed elementor-section-height-default elementor-section-height-default\" data-id=\"c9e0df8\" data-element_type=\"section\" data-settings=\"{&quot;background_background&quot;:&quot;classic&quot;,&quot;_ha_eqh_enable&quot;:false}\">\n\t\t\t\t\t\t<div class=\"elementor-container elementor-column-gap-default\">\n\t\t\t\t\t<div class=\"elementor-column elementor-col-100 elementor-top-column elementor-element elementor-element-1a855bc\" data-id=\"1a855bc\" data-element_type=\"column\">\n\t\t\t<div class=\"elementor-widget-wrap elementor-element-populated\">\n\t\t\t\t\t\t<div class=\"elementor-element elementor-element-cdf5113 elementor-widget elementor-widget-image\" data-id=\"cdf5113\" data-element_type=\"widget\" data-widget_type=\"image.default\">\n\t\t\t\t<div class=\"elementor-widget-container\">\n\t\t\t\t\t\t\t\t\t\t\t\t\t\t\t<img fetchpriority=\"high\" decoding=\"async\" width=\"1024\" height=\"370\" src=\"https:\/\/idepprivados.com\/wp-content\/uploads\/2023\/02\/WhatsApp-Image-2023-02-22-at-2.50.37-PM-1024x370.jpeg\" class=\"attachment-large size-large wp-image-25694\" alt=\"\" srcset=\"https:\/\/idepprivados.com\/wp-content\/uploads\/2023\/02\/WhatsApp-Image-2023-02-22-at-2.50.37-PM-1024x370.jpeg 1024w, https:\/\/idepprivados.com\/wp-content\/uploads\/2023\/02\/WhatsApp-Image-2023-02-22-at-2.50.37-PM-600x217.jpeg 600w, https:\/\/idepprivados.com\/wp-content\/uploads\/2023\/02\/WhatsApp-Image-2023-02-22-at-2.50.37-PM-300x108.jpeg 300w, https:\/\/idepprivados.com\/wp-content\/uploads\/2023\/02\/WhatsApp-Image-2023-02-22-at-2.50.37-PM-768x277.jpeg 768w, https:\/\/idepprivados.com\/wp-content\/uploads\/2023\/02\/WhatsApp-Image-2023-02-22-at-2.50.37-PM.jpeg 1418w\" sizes=\"(max-width: 1024px) 100vw, 1024px\" \/>\t\t\t\t\t\t\t\t\t\t\t\t\t\t\t<\/div>\n\t\t\t\t<\/div>\n\t\t\t\t<div class=\"elementor-element elementor-element-1e5d9d4 elementor-widget elementor-widget-text-editor\" data-id=\"1e5d9d4\" data-element_type=\"widget\" data-widget_type=\"text-editor.default\">\n\t\t\t\t<div class=\"elementor-widget-container\">\n\t\t\t\t\t\t\t\t\t<p>\ud83d\udcadEl 2023 se caracteriza por ser un a\u00f1o \ud83d\uddd3\ufe0f en el cual se celebrar\u00e1n las Elecciones Generales\ud83d\uddf3\ufe0f<\/p><p>\ud83d\udcccPor lo cual te compartimos en esquema el Tr\u00e1mite (con y sin incidencias) para la Constituci\u00f3n e Inscripci\u00f3n de los Partidos Pol\u00edticos.<\/p><p>Te invitamos a que revises nuestra publicaci\u00f3n del d\u00eda 8 de Febrero para tener la secuencia de tr\u00e1mites en el \u00e1mbito electoral, que son de suma importancia para tu preparaci\u00f3n del examen t\u00e9cnico profesional Fase P\u00fablica <\/p>\t\t\t\t\t\t\t\t<\/div>\n\t\t\t\t<\/div>\n\t\t\t\t<div class=\"elementor-element elementor-element-f1db2a4 elementor-widget elementor-widget-text-editor\" data-id=\"f1db2a4\" data-element_type=\"widget\" data-widget_type=\"text-editor.default\">\n\t\t\t\t<div class=\"elementor-widget-container\">\n\t\t\t\t\t\t\t\t\t637 lecturas\t\t\t\t\t\t\t\t<\/div>\n\t\t\t\t<\/div>\n\t\t\t\t<section class=\"elementor-section elementor-inner-section elementor-element elementor-element-e6a7521 elementor-section-full_width elementor-section-content-middle elementor-section-height-default elementor-section-height-default\" data-id=\"e6a7521\" data-element_type=\"section\" data-settings=\"{&quot;_ha_eqh_enable&quot;:false}\">\n\t\t\t\t\t\t<div class=\"elementor-container elementor-column-gap-default\">\n\t\t\t\t\t<div class=\"elementor-column elementor-col-100 elementor-inner-column elementor-element elementor-element-7c9b70d\" data-id=\"7c9b70d\" data-element_type=\"column\" data-settings=\"{&quot;background_background&quot;:&quot;classic&quot;}\">\n\t\t\t<div class=\"elementor-widget-wrap elementor-element-populated\">\n\t\t\t\t\t\t<div class=\"elementor-element elementor-element-1036a11 elementor-view-framed elementor-position-right elementor-shape-circle elementor-mobile-position-top elementor-vertical-align-top elementor-widget elementor-widget-icon-box\" data-id=\"1036a11\" data-element_type=\"widget\" data-widget_type=\"icon-box.default\">\n\t\t\t\t<div class=\"elementor-widget-container\">\n\t\t\t\t\t\t\t<div class=\"elementor-icon-box-wrapper\">\n\n\t\t\t\t\t\t<div class=\"elementor-icon-box-icon\">\n\t\t\t\t<span  class=\"elementor-icon\">\n\t\t\t\t<i aria-hidden=\"true\" class=\"far fa-folder-open\"><\/i>\t\t\t\t<\/span>\n\t\t\t<\/div>\n\t\t\t\n\t\t\t\t\t\t<div class=\"elementor-icon-box-content\">\n\n\t\t\t\t\t\t\t\t\t<h4 class=\"elementor-icon-box-title\">\n\t\t\t\t\t\t<span  >\n\t\t\t\t\t\t\tCONSTITUCIO\u0301N E INCRIPCIO\u0301N DE UN PARTIDO POLITICO (CON Y SIN INCIDENCIAS)\t\t\t\t\t\t<\/span>\n\t\t\t\t\t<\/h4>\n\t\t\t\t\n\t\t\t\t\n\t\t\t<\/div>\n\t\t\t\n\t\t<\/div>\n\t\t\t\t\t\t<\/div>\n\t\t\t\t<\/div>\n\t\t\t\t<div class=\"elementor-element elementor-element-7af89a2 elementor-widget elementor-widget-text-editor\" data-id=\"7af89a2\" data-element_type=\"widget\" data-widget_type=\"text-editor.default\">\n\t\t\t\t<div class=\"elementor-widget-container\">\n\t\t\t\t\t\t\t\t\t<a href=\"https:\/\/idepprivados.com\/wp-content\/uploads\/2023\/02\/CONSTITUCIO\u0301N-E-INCRIPCIO\u0301N-DE-UN-PARTIDO-POLITICO-CON-Y-SIN-INCIDENCIAS.pdf\" class=\"pdfemb-viewer\" style=\"\" data-width=\"max\" data-height=\"max\" data-toolbar=\"both\" data-toolbar-fixed=\"off\">CONSTITUCIO\u0301N E INCRIPCIO\u0301N DE UN PARTIDO POLITICO (CON Y SIN INCIDENCIAS)<\/a>\t\t\t\t\t\t\t\t<\/div>\n\t\t\t\t<\/div>\n\t\t\t\t<div class=\"elementor-element elementor-element-7ec8fe2 elementor-align-center elementor-widget elementor-widget-button\" data-id=\"7ec8fe2\" data-element_type=\"widget\" data-widget_type=\"button.default\">\n\t\t\t\t<div class=\"elementor-widget-container\">\n\t\t\t\t\t\t\t\t\t<div class=\"elementor-button-wrapper\">\n\t\t\t\t\t<a class=\"elementor-button elementor-button-link elementor-size-sm\" href=\"https:\/\/idepprivados.com\/wp-content\/uploads\/2023\/02\/CONSTITUCIO\u0301N-E-INCRIPCIO\u0301N-DE-UN-PARTIDO-POLITICO-CON-Y-SIN-INCIDENCIAS.pdf\">\n\t\t\t\t\t\t<span class=\"elementor-button-content-wrapper\">\n\t\t\t\t\t\t\t\t\t<span class=\"elementor-button-text\">Descargar<\/span>\n\t\t\t\t\t<\/span>\n\t\t\t\t\t<\/a>\n\t\t\t\t<\/div>\n\t\t\t\t\t\t\t\t<\/div>\n\t\t\t\t<\/div>\n\t\t\t\t\t<\/div>\n\t\t<\/div>\n\t\t\t\t\t<\/div>\n\t\t<\/section>\n\t\t\t\t\t<\/div>\n\t\t<\/div>\n\t\t\t\t\t<\/div>\n\t\t<\/section>\n\t\t\t\t<\/div>\n\t\t","protected":false},"excerpt":{"rendered":"<p>????El 2023 se caracteriza por ser un a\u00f1o ????\ufe0f en el cual se celebrar\u00e1n las Elecciones Generales????\ufe0f ????Por lo cual te compartimos en esquema el Tr\u00e1mite (con y sin incidencias) para la Constituci\u00f3n e Inscripci\u00f3n de los Partidos Pol\u00edticos. Te invitamos a que revises nuestra publicaci\u00f3n del d\u00eda 8 de Febrero para tener la secuencia [&hellip;]<\/p>\n","protected":false},"author":1,"featured_media":0,"parent":0,"menu_order":0,"comment_status":"closed","ping_status":"closed","template":"","meta":{"_eb_attr":"","site-sidebar-layout":"no-sidebar","site-content-layout":"page-builder","ast-site-content-layout":"","site-content-style":"default","site-sidebar-style":"default","ast-global-header-display":"","ast-banner-title-visibility":"","ast-main-header-display":"","ast-hfb-above-header-display":"","ast-hfb-below-header-display":"","ast-hfb-mobile-header-display":"","site-post-title":"disabled","ast-breadcrumbs-content":"","ast-featured-img":"disabled","footer-sml-layout":"","theme-transparent-header-meta":"","adv-header-id-meta":"","stick-header-meta":"","header-above-stick-meta":"","header-main-stick-meta":"","header-below-stick-meta":"","astra-migrate-meta-layouts":"default","ast-page-background-enabled":"default","ast-page-background-meta":{"desktop":{"background-color":"","background-image":"","background-repeat":"repeat","background-position":"center center","background-size":"auto","background-attachment":"scroll","background-type":"","background-media":"","overlay-type":"","overlay-color":"","overlay-opacity":"","overlay-gradient":""},"tablet":{"background-color":"","background-image":"","background-repeat":"repeat","background-position":"center center","background-size":"auto","background-attachment":"scroll","background-type":"","background-media":"","overlay-type":"","overlay-color":"","overlay-opacity":"","overlay-gradient":""},"mobile":{"background-color":"","background-image":"","background-repeat":"repeat","background-position":"center center","background-size":"auto","background-attachment":"scroll","background-type":"","background-media":"","overlay-type":"","overlay-color":"","overlay-opacity":"","overlay-gradient":""}},"ast-content-background-meta":{"desktop":{"background-color":"var(--ast-global-color-5)","background-image":"","background-repeat":"repeat","background-position":"center center","background-size":"auto","background-attachment":"scroll","background-type":"","background-media":"","overlay-type":"","overlay-color":"","overlay-opacity":"","overlay-gradient":""},"tablet":{"background-color":"var(--ast-global-color-5)","background-image":"","background-repeat":"repeat","background-position":"center center","background-size":"auto","background-attachment":"scroll","background-type":"","background-media":"","overlay-type":"","overlay-color":"","overlay-opacity":"","overlay-gradient":""},"mobile":{"background-color":"var(--ast-global-color-5)","background-image":"","background-repeat":"repeat","background-position":"center center","background-size":"auto","background-attachment":"scroll","background-type":"","background-media":"","overlay-type":"","overlay-color":"","overlay-opacity":"","overlay-gradient":""}},"_joinchat":[],"footnotes":""},"class_list":["post-25687","page","type-page","status-publish","hentry"],"yoast_head":"<!-- This site is optimized with the Yoast SEO plugin v25.2 - https:\/\/yoast.com\/wordpress\/plugins\/seo\/ -->\n<title>Elecciones 2023 &#8211; IDEP - Instituto de Preparaci\u00f3n de Privados<\/title>\n<meta name=\"robots\" content=\"index, follow, max-snippet:-1, max-image-preview:large, max-video-preview:-1\" \/>\n<link rel=\"canonical\" href=\"https:\/\/idepprivados.com\/index.php\/elecciones-2023\/\" \/>\n<meta property=\"og:locale\" content=\"es_ES\" \/>\n<meta property=\"og:type\" content=\"article\" \/>\n<meta property=\"og:title\" content=\"Elecciones 2023 &#8211; IDEP - Instituto de Preparaci\u00f3n de Privados\" \/>\n<meta property=\"og:description\" content=\"????El 2023 se caracteriza por ser un a\u00f1o ????\ufe0f en el cual se celebrar\u00e1n las Elecciones Generales????\ufe0f ????Por lo cual te compartimos en esquema el Tr\u00e1mite (con y sin incidencias) para la Constituci\u00f3n e Inscripci\u00f3n de los Partidos Pol\u00edticos. Te invitamos a que revises nuestra publicaci\u00f3n del d\u00eda 8 de Febrero para tener la secuencia [&hellip;]\" \/>\n<meta property=\"og:url\" content=\"https:\/\/idepprivados.com\/index.php\/elecciones-2023\/\" \/>\n<meta property=\"og:site_name\" content=\"IDEP - Instituto de Preparaci\u00f3n de Privados\" \/>\n<meta property=\"article:publisher\" content=\"https:\/\/www.facebook.com\/profile.php?id=100086724848823\" \/>\n<meta property=\"article:modified_time\" content=\"2023-02-22T22:37:14+00:00\" \/>\n<meta property=\"og:image\" content=\"https:\/\/idepprivados.com\/wp-content\/uploads\/2023\/02\/WhatsApp-Image-2023-02-22-at-2.50.37-PM-1024x370.jpeg\" \/>\n<meta name=\"twitter:card\" content=\"summary_large_image\" \/>\n<script type=\"application\/ld+json\" class=\"yoast-schema-graph\">{\"@context\":\"https:\/\/schema.org\",\"@graph\":[{\"@type\":\"WebPage\",\"@id\":\"https:\/\/idepprivados.com\/index.php\/elecciones-2023\/\",\"url\":\"https:\/\/idepprivados.com\/index.php\/elecciones-2023\/\",\"name\":\"Elecciones 2023 &#8211; IDEP - Instituto de Preparaci\u00f3n de Privados\",\"isPartOf\":{\"@id\":\"https:\/\/idepprivados.com\/#website\"},\"primaryImageOfPage\":{\"@id\":\"https:\/\/idepprivados.com\/index.php\/elecciones-2023\/#primaryimage\"},\"image\":{\"@id\":\"https:\/\/idepprivados.com\/index.php\/elecciones-2023\/#primaryimage\"},\"thumbnailUrl\":\"https:\/\/idepprivados.com\/wp-content\/uploads\/2023\/02\/WhatsApp-Image-2023-02-22-at-2.50.37-PM-1024x370.jpeg\",\"datePublished\":\"2023-02-22T22:29:45+00:00\",\"dateModified\":\"2023-02-22T22:37:14+00:00\",\"breadcrumb\":{\"@id\":\"https:\/\/idepprivados.com\/index.php\/elecciones-2023\/#breadcrumb\"},\"inLanguage\":\"es\",\"potentialAction\":[{\"@type\":\"ReadAction\",\"target\":[\"https:\/\/idepprivados.com\/index.php\/elecciones-2023\/\"]}]},{\"@type\":\"ImageObject\",\"inLanguage\":\"es\",\"@id\":\"https:\/\/idepprivados.com\/index.php\/elecciones-2023\/#primaryimage\",\"url\":\"https:\/\/idepprivados.com\/wp-content\/uploads\/2023\/02\/WhatsApp-Image-2023-02-22-at-2.50.37-PM.jpeg\",\"contentUrl\":\"https:\/\/idepprivados.com\/wp-content\/uploads\/2023\/02\/WhatsApp-Image-2023-02-22-at-2.50.37-PM.jpeg\",\"width\":1418,\"height\":512},{\"@type\":\"BreadcrumbList\",\"@id\":\"https:\/\/idepprivados.com\/index.php\/elecciones-2023\/#breadcrumb\",\"itemListElement\":[{\"@type\":\"ListItem\",\"position\":1,\"name\":\"Portada\",\"item\":\"https:\/\/idepprivados.com\/\"},{\"@type\":\"ListItem\",\"position\":2,\"name\":\"Elecciones 2023\"}]},{\"@type\":\"WebSite\",\"@id\":\"https:\/\/idepprivados.com\/#website\",\"url\":\"https:\/\/idepprivados.com\/\",\"name\":\"IDEP - Instituto de Preparaci\u00f3n de Privados\",\"description\":\"Instituto de Preparaci\u00f3n de Privados\",\"publisher\":{\"@id\":\"https:\/\/idepprivados.com\/#organization\"},\"potentialAction\":[{\"@type\":\"SearchAction\",\"target\":{\"@type\":\"EntryPoint\",\"urlTemplate\":\"https:\/\/idepprivados.com\/?s={search_term_string}\"},\"query-input\":{\"@type\":\"PropertyValueSpecification\",\"valueRequired\":true,\"valueName\":\"search_term_string\"}}],\"inLanguage\":\"es\"},{\"@type\":\"Organization\",\"@id\":\"https:\/\/idepprivados.com\/#organization\",\"name\":\"IDEP - Instituto de Preparaci\u00f3n de Privados\",\"url\":\"https:\/\/idepprivados.com\/\",\"logo\":{\"@type\":\"ImageObject\",\"inLanguage\":\"es\",\"@id\":\"https:\/\/idepprivados.com\/#\/schema\/logo\/image\/\",\"url\":\"https:\/\/idepprivados.com\/wp-content\/uploads\/2022\/10\/idep-02-4.png\",\"contentUrl\":\"https:\/\/idepprivados.com\/wp-content\/uploads\/2022\/10\/idep-02-4.png\",\"width\":2182,\"height\":2250,\"caption\":\"IDEP - Instituto de Preparaci\u00f3n de Privados\"},\"image\":{\"@id\":\"https:\/\/idepprivados.com\/#\/schema\/logo\/image\/\"},\"sameAs\":[\"https:\/\/www.facebook.com\/profile.php?id=100086724848823\"]}]}<\/script>\n<!-- \/ Yoast SEO plugin. -->","yoast_head_json":{"title":"Elecciones 2023 &#8211; IDEP - Instituto de Preparaci\u00f3n de Privados","robots":{"index":"index","follow":"follow","max-snippet":"max-snippet:-1","max-image-preview":"max-image-preview:large","max-video-preview":"max-video-preview:-1"},"canonical":"https:\/\/idepprivados.com\/index.php\/elecciones-2023\/","og_locale":"es_ES","og_type":"article","og_title":"Elecciones 2023 &#8211; IDEP - Instituto de Preparaci\u00f3n de Privados","og_description":"????El 2023 se caracteriza por ser un a\u00f1o ????\ufe0f en el cual se celebrar\u00e1n las Elecciones Generales????\ufe0f ????Por lo cual te compartimos en esquema el Tr\u00e1mite (con y sin incidencias) para la Constituci\u00f3n e Inscripci\u00f3n de los Partidos Pol\u00edticos. Te invitamos a que revises nuestra publicaci\u00f3n del d\u00eda 8 de Febrero para tener la secuencia [&hellip;]","og_url":"https:\/\/idepprivados.com\/index.php\/elecciones-2023\/","og_site_name":"IDEP - Instituto de Preparaci\u00f3n de Privados","article_publisher":"https:\/\/www.facebook.com\/profile.php?id=100086724848823","article_modified_time":"2023-02-22T22:37:14+00:00","og_image":[{"url":"https:\/\/idepprivados.com\/wp-content\/uploads\/2023\/02\/WhatsApp-Image-2023-02-22-at-2.50.37-PM-1024x370.jpeg","type":"","width":"","height":""}],"twitter_card":"summary_large_image","schema":{"@context":"https:\/\/schema.org","@graph":[{"@type":"WebPage","@id":"https:\/\/idepprivados.com\/index.php\/elecciones-2023\/","url":"https:\/\/idepprivados.com\/index.php\/elecciones-2023\/","name":"Elecciones 2023 &#8211; IDEP - Instituto de Preparaci\u00f3n de Privados","isPartOf":{"@id":"https:\/\/idepprivados.com\/#website"},"primaryImageOfPage":{"@id":"https:\/\/idepprivados.com\/index.php\/elecciones-2023\/#primaryimage"},"image":{"@id":"https:\/\/idepprivados.com\/index.php\/elecciones-2023\/#primaryimage"},"thumbnailUrl":"https:\/\/idepprivados.com\/wp-content\/uploads\/2023\/02\/WhatsApp-Image-2023-02-22-at-2.50.37-PM-1024x370.jpeg","datePublished":"2023-02-22T22:29:45+00:00","dateModified":"2023-02-22T22:37:14+00:00","breadcrumb":{"@id":"https:\/\/idepprivados.com\/index.php\/elecciones-2023\/#breadcrumb"},"inLanguage":"es","potentialAction":[{"@type":"ReadAction","target":["https:\/\/idepprivados.com\/index.php\/elecciones-2023\/"]}]},{"@type":"ImageObject","inLanguage":"es","@id":"https:\/\/idepprivados.com\/index.php\/elecciones-2023\/#primaryimage","url":"https:\/\/idepprivados.com\/wp-content\/uploads\/2023\/02\/WhatsApp-Image-2023-02-22-at-2.50.37-PM.jpeg","contentUrl":"https:\/\/idepprivados.com\/wp-content\/uploads\/2023\/02\/WhatsApp-Image-2023-02-22-at-2.50.37-PM.jpeg","width":1418,"height":512},{"@type":"BreadcrumbList","@id":"https:\/\/idepprivados.com\/index.php\/elecciones-2023\/#breadcrumb","itemListElement":[{"@type":"ListItem","position":1,"name":"Portada","item":"https:\/\/idepprivados.com\/"},{"@type":"ListItem","position":2,"name":"Elecciones 2023"}]},{"@type":"WebSite","@id":"https:\/\/idepprivados.com\/#website","url":"https:\/\/idepprivados.com\/","name":"IDEP - Instituto de Preparaci\u00f3n de Privados","description":"Instituto de Preparaci\u00f3n de Privados","publisher":{"@id":"https:\/\/idepprivados.com\/#organization"},"potentialAction":[{"@type":"SearchAction","target":{"@type":"EntryPoint","urlTemplate":"https:\/\/idepprivados.com\/?s={search_term_string}"},"query-input":{"@type":"PropertyValueSpecification","valueRequired":true,"valueName":"search_term_string"}}],"inLanguage":"es"},{"@type":"Organization","@id":"https:\/\/idepprivados.com\/#organization","name":"IDEP - Instituto de Preparaci\u00f3n de Privados","url":"https:\/\/idepprivados.com\/","logo":{"@type":"ImageObject","inLanguage":"es","@id":"https:\/\/idepprivados.com\/#\/schema\/logo\/image\/","url":"https:\/\/idepprivados.com\/wp-content\/uploads\/2022\/10\/idep-02-4.png","contentUrl":"https:\/\/idepprivados.com\/wp-content\/uploads\/2022\/10\/idep-02-4.png","width":2182,"height":2250,"caption":"IDEP - Instituto de Preparaci\u00f3n de Privados"},"image":{"@id":"https:\/\/idepprivados.com\/#\/schema\/logo\/image\/"},"sameAs":["https:\/\/www.facebook.com\/profile.php?id=100086724848823"]}]}},"_links":{"self":[{"href":"https:\/\/idepprivados.com\/index.php\/wp-json\/wp\/v2\/pages\/25687","targetHints":{"allow":["GET"]}}],"collection":[{"href":"https:\/\/idepprivados.com\/index.php\/wp-json\/wp\/v2\/pages"}],"about":[{"href":"https:\/\/idepprivados.com\/index.php\/wp-json\/wp\/v2\/types\/page"}],"author":[{"embeddable":true,"href":"https:\/\/idepprivados.com\/index.php\/wp-json\/wp\/v2\/users\/1"}],"replies":[{"embeddable":true,"href":"https:\/\/idepprivados.com\/index.php\/wp-json\/wp\/v2\/comments?post=25687"}],"version-history":[{"count":10,"href":"https:\/\/idepprivados.com\/index.php\/wp-json\/wp\/v2\/pages\/25687\/revisions"}],"predecessor-version":[{"id":25702,"href":"https:\/\/idepprivados.com\/index.php\/wp-json\/wp\/v2\/pages\/25687\/revisions\/25702"}],"wp:attachment":[{"href":"https:\/\/idepprivados.com\/index.php\/wp-json\/wp\/v2\/media?parent=25687"}],"curies":[{"name":"wp","href":"https:\/\/api.w.org\/{rel}","templated":true}]}}