{"id":29163,"date":"2025-12-03T21:13:05","date_gmt":"2025-12-03T21:13:05","guid":{"rendered":"https:\/\/idepprivados.com\/?page_id=29163"},"modified":"2026-01-04T17:48:35","modified_gmt":"2026-01-04T17:48:35","slug":"conferenciasidep","status":"publish","type":"page","link":"https:\/\/idepprivados.com\/index.php\/conferenciasidep\/","title":{"rendered":"conferenciasidep"},"content":{"rendered":"\t\t<div data-elementor-type=\"wp-page\" data-elementor-id=\"29163\" class=\"elementor elementor-29163\" data-elementor-settings=\"{&quot;ha_cmc_init_switcher&quot;:&quot;no&quot;}\">\n\t\t\t\t\t\t<section class=\"elementor-section elementor-top-section elementor-element elementor-element-cdec07d elementor-section-boxed elementor-section-height-default elementor-section-height-default\" data-id=\"cdec07d\" data-element_type=\"section\" data-settings=\"{&quot;_ha_eqh_enable&quot;:false}\">\n\t\t\t\t\t\t<div class=\"elementor-container elementor-column-gap-default\">\n\t\t\t\t\t<div class=\"elementor-column elementor-col-50 elementor-top-column elementor-element elementor-element-38e0ec2\" data-id=\"38e0ec2\" data-element_type=\"column\">\n\t\t\t<div class=\"elementor-widget-wrap elementor-element-populated\">\n\t\t\t\t\t\t<div class=\"elementor-element elementor-element-5237347 elementor-widget elementor-widget-image\" data-id=\"5237347\" data-element_type=\"widget\" data-widget_type=\"image.default\">\n\t\t\t\t<div class=\"elementor-widget-container\">\n\t\t\t\t\t\t\t\t\t\t\t\t\t\t\t<img fetchpriority=\"high\" decoding=\"async\" width=\"240\" height=\"300\" src=\"https:\/\/idepprivados.com\/wp-content\/uploads\/2026\/01\/analisis-del-decreto-11-2025-ley-antipandillas-240x300.jpg\" class=\"attachment-medium size-medium wp-image-29257\" alt=\"\" srcset=\"https:\/\/idepprivados.com\/wp-content\/uploads\/2026\/01\/analisis-del-decreto-11-2025-ley-antipandillas-240x300.jpg 240w, https:\/\/idepprivados.com\/wp-content\/uploads\/2026\/01\/analisis-del-decreto-11-2025-ley-antipandillas-819x1024.jpg 819w, https:\/\/idepprivados.com\/wp-content\/uploads\/2026\/01\/analisis-del-decreto-11-2025-ley-antipandillas-768x960.jpg 768w, https:\/\/idepprivados.com\/wp-content\/uploads\/2026\/01\/analisis-del-decreto-11-2025-ley-antipandillas-600x750.jpg 600w, https:\/\/idepprivados.com\/wp-content\/uploads\/2026\/01\/analisis-del-decreto-11-2025-ley-antipandillas.jpg 1080w\" sizes=\"(max-width: 240px) 100vw, 240px\" \/>\t\t\t\t\t\t\t\t\t\t\t\t\t\t\t<\/div>\n\t\t\t\t<\/div>\n\t\t\t\t<div class=\"elementor-element elementor-element-d1f0bfe elementor-align-center elementor-widget elementor-widget-button\" data-id=\"d1f0bfe\" data-element_type=\"widget\" data-widget_type=\"button.default\">\n\t\t\t\t<div class=\"elementor-widget-container\">\n\t\t\t\t\t\t\t\t\t<div class=\"elementor-button-wrapper\">\n\t\t\t\t\t<a class=\"elementor-button elementor-button-link elementor-size-sm\" href=\"https:\/\/youtu.be\/e7ElCUSYDbo\">\n\t\t\t\t\t\t<span class=\"elementor-button-content-wrapper\">\n\t\t\t\t\t\t<span class=\"elementor-button-icon\">\n\t\t\t\t<i aria-hidden=\"true\" class=\"far fa-eye\"><\/i>\t\t\t<\/span>\n\t\t\t\t\t\t\t\t\t<span class=\"elementor-button-text\">Ver Conferencia<\/span>\n\t\t\t\t\t<\/span>\n\t\t\t\t\t<\/a>\n\t\t\t\t<\/div>\n\t\t\t\t\t\t\t\t<\/div>\n\t\t\t\t<\/div>\n\t\t\t\t<div class=\"elementor-element elementor-element-f6ecd3a elementor-widget elementor-widget-text-editor\" data-id=\"f6ecd3a\" data-element_type=\"widget\" data-widget_type=\"text-editor.default\">\n\t\t\t\t<div class=\"elementor-widget-container\">\n\t\t\t\t\t\t\t\t\t<p style=\"text-align: center;\"><strong>AN\u00c1LISIS DEL DECRETO 11-2025 LEY ANTIPANDILLAS<\/strong><\/p>\t\t\t\t\t\t\t\t<\/div>\n\t\t\t\t<\/div>\n\t\t\t\t\t<\/div>\n\t\t<\/div>\n\t\t\t\t<div class=\"elementor-column elementor-col-50 elementor-top-column elementor-element elementor-element-ae02bbc\" data-id=\"ae02bbc\" data-element_type=\"column\">\n\t\t\t<div class=\"elementor-widget-wrap elementor-element-populated\">\n\t\t\t\t\t\t<div class=\"elementor-element elementor-element-df33a4a elementor-widget elementor-widget-image\" data-id=\"df33a4a\" data-element_type=\"widget\" data-widget_type=\"image.default\">\n\t\t\t\t<div class=\"elementor-widget-container\">\n\t\t\t\t\t\t\t\t\t\t\t\t\t\t\t<img decoding=\"async\" width=\"300\" height=\"300\" src=\"https:\/\/idepprivados.com\/wp-content\/uploads\/2026\/01\/Aspectos-practicos-en-audiencia-de-primera-declaracion-del-sindicato-300x300.jpg\" class=\"attachment-medium size-medium wp-image-29254\" alt=\"\" srcset=\"https:\/\/idepprivados.com\/wp-content\/uploads\/2026\/01\/Aspectos-practicos-en-audiencia-de-primera-declaracion-del-sindicato-300x300.jpg 300w, https:\/\/idepprivados.com\/wp-content\/uploads\/2026\/01\/Aspectos-practicos-en-audiencia-de-primera-declaracion-del-sindicato-1024x1024.jpg 1024w, https:\/\/idepprivados.com\/wp-content\/uploads\/2026\/01\/Aspectos-practicos-en-audiencia-de-primera-declaracion-del-sindicato-150x150.jpg 150w, https:\/\/idepprivados.com\/wp-content\/uploads\/2026\/01\/Aspectos-practicos-en-audiencia-de-primera-declaracion-del-sindicato-768x767.jpg 768w, https:\/\/idepprivados.com\/wp-content\/uploads\/2026\/01\/Aspectos-practicos-en-audiencia-de-primera-declaracion-del-sindicato-600x600.jpg 600w, https:\/\/idepprivados.com\/wp-content\/uploads\/2026\/01\/Aspectos-practicos-en-audiencia-de-primera-declaracion-del-sindicato-100x100.jpg 100w, https:\/\/idepprivados.com\/wp-content\/uploads\/2026\/01\/Aspectos-practicos-en-audiencia-de-primera-declaracion-del-sindicato.jpg 1201w\" sizes=\"(max-width: 300px) 100vw, 300px\" \/>\t\t\t\t\t\t\t\t\t\t\t\t\t\t\t<\/div>\n\t\t\t\t<\/div>\n\t\t\t\t<div class=\"elementor-element elementor-element-999f944 elementor-align-center elementor-widget elementor-widget-button\" data-id=\"999f944\" data-element_type=\"widget\" data-widget_type=\"button.default\">\n\t\t\t\t<div class=\"elementor-widget-container\">\n\t\t\t\t\t\t\t\t\t<div class=\"elementor-button-wrapper\">\n\t\t\t\t\t<a class=\"elementor-button elementor-button-link elementor-size-sm\" href=\"https:\/\/youtu.be\/zLyYftjwEuk\">\n\t\t\t\t\t\t<span class=\"elementor-button-content-wrapper\">\n\t\t\t\t\t\t<span class=\"elementor-button-icon\">\n\t\t\t\t<i aria-hidden=\"true\" class=\"far fa-eye\"><\/i>\t\t\t<\/span>\n\t\t\t\t\t\t\t\t\t<span class=\"elementor-button-text\">Ver Conferencia<\/span>\n\t\t\t\t\t<\/span>\n\t\t\t\t\t<\/a>\n\t\t\t\t<\/div>\n\t\t\t\t\t\t\t\t<\/div>\n\t\t\t\t<\/div>\n\t\t\t\t<div class=\"elementor-element elementor-element-b1a457b elementor-widget elementor-widget-text-editor\" data-id=\"b1a457b\" data-element_type=\"widget\" data-widget_type=\"text-editor.default\">\n\t\t\t\t<div class=\"elementor-widget-container\">\n\t\t\t\t\t\t\t\t\t<p style=\"text-align: center;\"><strong>ASPECTOS PR\u00c1CTICOS EN LA AUDIENCIA DE PRIMERA DECLARACI\u00d3N DEL SINDICATO<\/strong><\/p>\t\t\t\t\t\t\t\t<\/div>\n\t\t\t\t<\/div>\n\t\t\t\t\t<\/div>\n\t\t<\/div>\n\t\t\t\t\t<\/div>\n\t\t<\/section>\n\t\t\t\t<section class=\"elementor-section elementor-top-section elementor-element elementor-element-63ae297 elementor-section-boxed elementor-section-height-default elementor-section-height-default\" data-id=\"63ae297\" data-element_type=\"section\" data-settings=\"{&quot;_ha_eqh_enable&quot;:false}\">\n\t\t\t\t\t\t<div class=\"elementor-container elementor-column-gap-default\">\n\t\t\t\t\t<div class=\"elementor-column elementor-col-50 elementor-top-column elementor-element elementor-element-821c1a0\" data-id=\"821c1a0\" data-element_type=\"column\">\n\t\t\t<div class=\"elementor-widget-wrap elementor-element-populated\">\n\t\t\t\t\t\t<div class=\"elementor-element elementor-element-4efe4a4 elementor-widget elementor-widget-image\" data-id=\"4efe4a4\" data-element_type=\"widget\" data-widget_type=\"image.default\">\n\t\t\t\t<div class=\"elementor-widget-container\">\n\t\t\t\t\t\t\t\t\t\t\t\t\t\t\t<img decoding=\"async\" width=\"240\" height=\"300\" src=\"https:\/\/idepprivados.com\/wp-content\/uploads\/2026\/01\/economico-coactivo-juicio-de-cuentas-y-conflicto-240x300.jpg\" class=\"attachment-medium size-medium wp-image-29252\" alt=\"\" srcset=\"https:\/\/idepprivados.com\/wp-content\/uploads\/2026\/01\/economico-coactivo-juicio-de-cuentas-y-conflicto-240x300.jpg 240w, https:\/\/idepprivados.com\/wp-content\/uploads\/2026\/01\/economico-coactivo-juicio-de-cuentas-y-conflicto-819x1024.jpg 819w, https:\/\/idepprivados.com\/wp-content\/uploads\/2026\/01\/economico-coactivo-juicio-de-cuentas-y-conflicto-768x960.jpg 768w, https:\/\/idepprivados.com\/wp-content\/uploads\/2026\/01\/economico-coactivo-juicio-de-cuentas-y-conflicto-600x750.jpg 600w, https:\/\/idepprivados.com\/wp-content\/uploads\/2026\/01\/economico-coactivo-juicio-de-cuentas-y-conflicto.jpg 1080w\" sizes=\"(max-width: 240px) 100vw, 240px\" \/>\t\t\t\t\t\t\t\t\t\t\t\t\t\t\t<\/div>\n\t\t\t\t<\/div>\n\t\t\t\t<div class=\"elementor-element elementor-element-ac4c83e elementor-align-center elementor-widget elementor-widget-button\" data-id=\"ac4c83e\" data-element_type=\"widget\" data-widget_type=\"button.default\">\n\t\t\t\t<div class=\"elementor-widget-container\">\n\t\t\t\t\t\t\t\t\t<div class=\"elementor-button-wrapper\">\n\t\t\t\t\t<a class=\"elementor-button elementor-button-link elementor-size-sm\" href=\"https:\/\/youtu.be\/dQOBbXiO7DA\">\n\t\t\t\t\t\t<span class=\"elementor-button-content-wrapper\">\n\t\t\t\t\t\t<span class=\"elementor-button-icon\">\n\t\t\t\t<i aria-hidden=\"true\" class=\"far fa-eye\"><\/i>\t\t\t<\/span>\n\t\t\t\t\t\t\t\t\t<span class=\"elementor-button-text\">Ver Conferencia<\/span>\n\t\t\t\t\t<\/span>\n\t\t\t\t\t<\/a>\n\t\t\t\t<\/div>\n\t\t\t\t\t\t\t\t<\/div>\n\t\t\t\t<\/div>\n\t\t\t\t<div class=\"elementor-element elementor-element-d54ad29 elementor-widget elementor-widget-text-editor\" data-id=\"d54ad29\" data-element_type=\"widget\" data-widget_type=\"text-editor.default\">\n\t\t\t\t<div class=\"elementor-widget-container\">\n\t\t\t\t\t\t\t\t\t<p style=\"text-align: center;\"><span style=\"color: #0d0d0d; font-family: Roboto, Noto, sans-serif; font-size: 15px; white-space-collapse: preserve;\"><strong>ECON\u00d3MICO COACTIVO JUICIO DE CUENTAS Y CONFLICTOS DE JURISDICCI\u00d3N<\/strong> <\/span><\/p>\t\t\t\t\t\t\t\t<\/div>\n\t\t\t\t<\/div>\n\t\t\t\t\t<\/div>\n\t\t<\/div>\n\t\t\t\t<div class=\"elementor-column elementor-col-50 elementor-top-column elementor-element elementor-element-6b6e376\" data-id=\"6b6e376\" data-element_type=\"column\">\n\t\t\t<div class=\"elementor-widget-wrap elementor-element-populated\">\n\t\t\t\t\t\t<div class=\"elementor-element elementor-element-3715847 elementor-widget elementor-widget-image\" data-id=\"3715847\" data-element_type=\"widget\" data-widget_type=\"image.default\">\n\t\t\t\t<div class=\"elementor-widget-container\">\n\t\t\t\t\t\t\t\t\t\t\t\t\t\t\t<img loading=\"lazy\" decoding=\"async\" width=\"300\" height=\"300\" src=\"https:\/\/idepprivados.com\/wp-content\/uploads\/2026\/01\/aspectos-practicos-del-recurso-de-casacion-Penal-300x300.jpg\" class=\"attachment-medium size-medium wp-image-29255\" alt=\"\" srcset=\"https:\/\/idepprivados.com\/wp-content\/uploads\/2026\/01\/aspectos-practicos-del-recurso-de-casacion-Penal-300x300.jpg 300w, https:\/\/idepprivados.com\/wp-content\/uploads\/2026\/01\/aspectos-practicos-del-recurso-de-casacion-Penal-1024x1024.jpg 1024w, https:\/\/idepprivados.com\/wp-content\/uploads\/2026\/01\/aspectos-practicos-del-recurso-de-casacion-Penal-150x150.jpg 150w, https:\/\/idepprivados.com\/wp-content\/uploads\/2026\/01\/aspectos-practicos-del-recurso-de-casacion-Penal-768x767.jpg 768w, https:\/\/idepprivados.com\/wp-content\/uploads\/2026\/01\/aspectos-practicos-del-recurso-de-casacion-Penal-600x600.jpg 600w, https:\/\/idepprivados.com\/wp-content\/uploads\/2026\/01\/aspectos-practicos-del-recurso-de-casacion-Penal-100x100.jpg 100w, https:\/\/idepprivados.com\/wp-content\/uploads\/2026\/01\/aspectos-practicos-del-recurso-de-casacion-Penal.jpg 1201w\" sizes=\"(max-width: 300px) 100vw, 300px\" \/>\t\t\t\t\t\t\t\t\t\t\t\t\t\t\t<\/div>\n\t\t\t\t<\/div>\n\t\t\t\t<div class=\"elementor-element elementor-element-997b1a4 elementor-align-center elementor-widget elementor-widget-button\" data-id=\"997b1a4\" data-element_type=\"widget\" data-widget_type=\"button.default\">\n\t\t\t\t<div class=\"elementor-widget-container\">\n\t\t\t\t\t\t\t\t\t<div class=\"elementor-button-wrapper\">\n\t\t\t\t\t<a class=\"elementor-button elementor-button-link elementor-size-sm\" href=\"https:\/\/youtu.be\/ZCznzQMxAo8\">\n\t\t\t\t\t\t<span class=\"elementor-button-content-wrapper\">\n\t\t\t\t\t\t<span class=\"elementor-button-icon\">\n\t\t\t\t<i aria-hidden=\"true\" class=\"far fa-eye\"><\/i>\t\t\t<\/span>\n\t\t\t\t\t\t\t\t\t<span class=\"elementor-button-text\">Ver Conferencia<\/span>\n\t\t\t\t\t<\/span>\n\t\t\t\t\t<\/a>\n\t\t\t\t<\/div>\n\t\t\t\t\t\t\t\t<\/div>\n\t\t\t\t<\/div>\n\t\t\t\t<div class=\"elementor-element elementor-element-2b4de88 elementor-widget elementor-widget-text-editor\" data-id=\"2b4de88\" data-element_type=\"widget\" data-widget_type=\"text-editor.default\">\n\t\t\t\t<div class=\"elementor-widget-container\">\n\t\t\t\t\t\t\t\t\t<p style=\"text-align: center;\"><strong>\u00a0ASPECTOS PR\u00c1CTICOS DEL RECURSO DE CASACI\u00d3N<\/strong><\/p>\t\t\t\t\t\t\t\t<\/div>\n\t\t\t\t<\/div>\n\t\t\t\t\t<\/div>\n\t\t<\/div>\n\t\t\t\t\t<\/div>\n\t\t<\/section>\n\t\t\t\t<section class=\"elementor-section elementor-top-section elementor-element elementor-element-14c613e elementor-section-boxed elementor-section-height-default elementor-section-height-default\" data-id=\"14c613e\" data-element_type=\"section\" data-settings=\"{&quot;_ha_eqh_enable&quot;:false}\">\n\t\t\t\t\t\t<div class=\"elementor-container elementor-column-gap-default\">\n\t\t\t\t\t<div class=\"elementor-column elementor-col-50 elementor-top-column elementor-element elementor-element-31d13c4\" data-id=\"31d13c4\" data-element_type=\"column\">\n\t\t\t<div class=\"elementor-widget-wrap elementor-element-populated\">\n\t\t\t\t\t\t<div class=\"elementor-element elementor-element-5e23236 elementor-widget elementor-widget-image\" data-id=\"5e23236\" data-element_type=\"widget\" data-widget_type=\"image.default\">\n\t\t\t\t<div class=\"elementor-widget-container\">\n\t\t\t\t\t\t\t\t\t\t\t\t\t\t\t<img loading=\"lazy\" decoding=\"async\" width=\"300\" height=\"300\" src=\"https:\/\/idepprivados.com\/wp-content\/uploads\/2026\/01\/aspectos-practicos-del-procedimientos-para-delitos-menos-graves-300x300.jpg\" class=\"attachment-medium size-medium wp-image-29256\" alt=\"\" srcset=\"https:\/\/idepprivados.com\/wp-content\/uploads\/2026\/01\/aspectos-practicos-del-procedimientos-para-delitos-menos-graves-300x300.jpg 300w, https:\/\/idepprivados.com\/wp-content\/uploads\/2026\/01\/aspectos-practicos-del-procedimientos-para-delitos-menos-graves-1024x1024.jpg 1024w, https:\/\/idepprivados.com\/wp-content\/uploads\/2026\/01\/aspectos-practicos-del-procedimientos-para-delitos-menos-graves-150x150.jpg 150w, https:\/\/idepprivados.com\/wp-content\/uploads\/2026\/01\/aspectos-practicos-del-procedimientos-para-delitos-menos-graves-768x767.jpg 768w, https:\/\/idepprivados.com\/wp-content\/uploads\/2026\/01\/aspectos-practicos-del-procedimientos-para-delitos-menos-graves-600x600.jpg 600w, https:\/\/idepprivados.com\/wp-content\/uploads\/2026\/01\/aspectos-practicos-del-procedimientos-para-delitos-menos-graves-100x100.jpg 100w, https:\/\/idepprivados.com\/wp-content\/uploads\/2026\/01\/aspectos-practicos-del-procedimientos-para-delitos-menos-graves.jpg 1201w\" sizes=\"(max-width: 300px) 100vw, 300px\" \/>\t\t\t\t\t\t\t\t\t\t\t\t\t\t\t<\/div>\n\t\t\t\t<\/div>\n\t\t\t\t<div class=\"elementor-element elementor-element-85e72d3 elementor-align-center elementor-widget elementor-widget-button\" data-id=\"85e72d3\" data-element_type=\"widget\" data-widget_type=\"button.default\">\n\t\t\t\t<div class=\"elementor-widget-container\">\n\t\t\t\t\t\t\t\t\t<div class=\"elementor-button-wrapper\">\n\t\t\t\t\t<a class=\"elementor-button elementor-button-link elementor-size-sm\" href=\"https:\/\/youtu.be\/KIwqAr7lM3s\">\n\t\t\t\t\t\t<span class=\"elementor-button-content-wrapper\">\n\t\t\t\t\t\t<span class=\"elementor-button-icon\">\n\t\t\t\t<i aria-hidden=\"true\" class=\"far fa-eye\"><\/i>\t\t\t<\/span>\n\t\t\t\t\t\t\t\t\t<span class=\"elementor-button-text\">Ver Conferencia<\/span>\n\t\t\t\t\t<\/span>\n\t\t\t\t\t<\/a>\n\t\t\t\t<\/div>\n\t\t\t\t\t\t\t\t<\/div>\n\t\t\t\t<\/div>\n\t\t\t\t<div class=\"elementor-element elementor-element-aaad071 elementor-widget elementor-widget-text-editor\" data-id=\"aaad071\" data-element_type=\"widget\" data-widget_type=\"text-editor.default\">\n\t\t\t\t<div class=\"elementor-widget-container\">\n\t\t\t\t\t\t\t\t\t<p style=\"text-align: center;\"><strong>ASPECTOS PR\u00c1CTICOS DEL PROCEDIMIENTO PARA DELITOS MENOS GRAVES<\/strong><\/p>\t\t\t\t\t\t\t\t<\/div>\n\t\t\t\t<\/div>\n\t\t\t\t\t<\/div>\n\t\t<\/div>\n\t\t\t\t<div class=\"elementor-column elementor-col-50 elementor-top-column elementor-element elementor-element-6f63cda\" data-id=\"6f63cda\" data-element_type=\"column\">\n\t\t\t<div class=\"elementor-widget-wrap elementor-element-populated\">\n\t\t\t\t\t\t<div class=\"elementor-element elementor-element-623e6ac elementor-widget elementor-widget-image\" data-id=\"623e6ac\" data-element_type=\"widget\" data-widget_type=\"image.default\">\n\t\t\t\t<div class=\"elementor-widget-container\">\n\t\t\t\t\t\t\t\t\t\t\t\t\t\t\t<img loading=\"lazy\" decoding=\"async\" width=\"300\" height=\"300\" src=\"https:\/\/idepprivados.com\/wp-content\/uploads\/2026\/01\/El-proceso-contecioso-administrativo-y-sus-aristas-300x300.jpg\" class=\"attachment-medium size-medium wp-image-29253\" alt=\"\" srcset=\"https:\/\/idepprivados.com\/wp-content\/uploads\/2026\/01\/El-proceso-contecioso-administrativo-y-sus-aristas-300x300.jpg 300w, https:\/\/idepprivados.com\/wp-content\/uploads\/2026\/01\/El-proceso-contecioso-administrativo-y-sus-aristas-1024x1024.jpg 1024w, https:\/\/idepprivados.com\/wp-content\/uploads\/2026\/01\/El-proceso-contecioso-administrativo-y-sus-aristas-150x150.jpg 150w, https:\/\/idepprivados.com\/wp-content\/uploads\/2026\/01\/El-proceso-contecioso-administrativo-y-sus-aristas-768x768.jpg 768w, https:\/\/idepprivados.com\/wp-content\/uploads\/2026\/01\/El-proceso-contecioso-administrativo-y-sus-aristas-1536x1536.jpg 1536w, https:\/\/idepprivados.com\/wp-content\/uploads\/2026\/01\/El-proceso-contecioso-administrativo-y-sus-aristas-600x600.jpg 600w, https:\/\/idepprivados.com\/wp-content\/uploads\/2026\/01\/El-proceso-contecioso-administrativo-y-sus-aristas-100x100.jpg 100w, https:\/\/idepprivados.com\/wp-content\/uploads\/2026\/01\/El-proceso-contecioso-administrativo-y-sus-aristas.jpg 2048w\" sizes=\"(max-width: 300px) 100vw, 300px\" \/>\t\t\t\t\t\t\t\t\t\t\t\t\t\t\t<\/div>\n\t\t\t\t<\/div>\n\t\t\t\t<div class=\"elementor-element elementor-element-293cfbc elementor-align-center elementor-widget elementor-widget-button\" data-id=\"293cfbc\" data-element_type=\"widget\" data-widget_type=\"button.default\">\n\t\t\t\t<div class=\"elementor-widget-container\">\n\t\t\t\t\t\t\t\t\t<div class=\"elementor-button-wrapper\">\n\t\t\t\t\t<a class=\"elementor-button elementor-button-link elementor-size-sm\" href=\"https:\/\/youtu.be\/G6gX7D_exCQ\">\n\t\t\t\t\t\t<span class=\"elementor-button-content-wrapper\">\n\t\t\t\t\t\t<span class=\"elementor-button-icon\">\n\t\t\t\t<i aria-hidden=\"true\" class=\"far fa-eye\"><\/i>\t\t\t<\/span>\n\t\t\t\t\t\t\t\t\t<span class=\"elementor-button-text\">Ver Conferencia<\/span>\n\t\t\t\t\t<\/span>\n\t\t\t\t\t<\/a>\n\t\t\t\t<\/div>\n\t\t\t\t\t\t\t\t<\/div>\n\t\t\t\t<\/div>\n\t\t\t\t<div class=\"elementor-element elementor-element-afd871f elementor-widget elementor-widget-text-editor\" data-id=\"afd871f\" data-element_type=\"widget\" data-widget_type=\"text-editor.default\">\n\t\t\t\t<div class=\"elementor-widget-container\">\n\t\t\t\t\t\t\t\t\t<p style=\"text-align: center;\"><strong>EL PROCESO CONTENCIOSO ADMINISTRATIVO Y SUS ARISTAS<\/strong><\/p>\t\t\t\t\t\t\t\t<\/div>\n\t\t\t\t<\/div>\n\t\t\t\t\t<\/div>\n\t\t<\/div>\n\t\t\t\t\t<\/div>\n\t\t<\/section>\n\t\t\t\t<\/div>\n\t\t","protected":false},"excerpt":{"rendered":"<p>Ver Conferencia AN\u00c1LISIS DEL DECRETO 11-2025 LEY ANTIPANDILLAS Ver Conferencia ASPECTOS PR\u00c1CTICOS EN LA AUDIENCIA DE PRIMERA DECLARACI\u00d3N DEL SINDICATO Ver Conferencia ECON\u00d3MICO COACTIVO JUICIO DE CUENTAS Y CONFLICTOS DE JURISDICCI\u00d3N Ver Conferencia \u00a0ASPECTOS PR\u00c1CTICOS DEL RECURSO DE CASACI\u00d3N Ver Conferencia ASPECTOS PR\u00c1CTICOS DEL PROCEDIMIENTO PARA DELITOS MENOS GRAVES Ver Conferencia EL PROCESO CONTENCIOSO ADMINISTRATIVO [&hellip;]<\/p>\n","protected":false},"author":1,"featured_media":0,"parent":0,"menu_order":0,"comment_status":"closed","ping_status":"closed","template":"","meta":{"_eb_attr":"","site-sidebar-layout":"no-sidebar","site-content-layout":"page-builder","ast-site-content-layout":"full-width-container","site-content-style":"default","site-sidebar-style":"default","ast-global-header-display":"","ast-banner-title-visibility":"","ast-main-header-display":"","ast-hfb-above-header-display":"","ast-hfb-below-header-display":"","ast-hfb-mobile-header-display":"","site-post-title":"disabled","ast-breadcrumbs-content":"","ast-featured-img":"disabled","footer-sml-layout":"","theme-transparent-header-meta":"","adv-header-id-meta":"","stick-header-meta":"","header-above-stick-meta":"","header-main-stick-meta":"","header-below-stick-meta":"","astra-migrate-meta-layouts":"set","ast-page-background-enabled":"default","ast-page-background-meta":{"desktop":{"background-color":"","background-image":"","background-repeat":"repeat","background-position":"center center","background-size":"auto","background-attachment":"scroll","background-type":"","background-media":"","overlay-type":"","overlay-color":"","overlay-opacity":"","overlay-gradient":""},"tablet":{"background-color":"","background-image":"","background-repeat":"repeat","background-position":"center center","background-size":"auto","background-attachment":"scroll","background-type":"","background-media":"","overlay-type":"","overlay-color":"","overlay-opacity":"","overlay-gradient":""},"mobile":{"background-color":"","background-image":"","background-repeat":"repeat","background-position":"center center","background-size":"auto","background-attachment":"scroll","background-type":"","background-media":"","overlay-type":"","overlay-color":"","overlay-opacity":"","overlay-gradient":""}},"ast-content-background-meta":{"desktop":{"background-color":"var(--ast-global-color-5)","background-image":"","background-repeat":"repeat","background-position":"center center","background-size":"auto","background-attachment":"scroll","background-type":"","background-media":"","overlay-type":"","overlay-color":"","overlay-opacity":"","overlay-gradient":""},"tablet":{"background-color":"var(--ast-global-color-5)","background-image":"","background-repeat":"repeat","background-position":"center center","background-size":"auto","background-attachment":"scroll","background-type":"","background-media":"","overlay-type":"","overlay-color":"","overlay-opacity":"","overlay-gradient":""},"mobile":{"background-color":"var(--ast-global-color-5)","background-image":"","background-repeat":"repeat","background-position":"center center","background-size":"auto","background-attachment":"scroll","background-type":"","background-media":"","overlay-type":"","overlay-color":"","overlay-opacity":"","overlay-gradient":""}},"_joinchat":[],"footnotes":""},"class_list":["post-29163","page","type-page","status-publish","hentry"],"yoast_head":"<!-- This site is optimized with the Yoast SEO plugin v25.2 - https:\/\/yoast.com\/wordpress\/plugins\/seo\/ -->\n<title>conferenciasidep &#8211; IDEP - Instituto de Preparaci\u00f3n de Privados<\/title>\n<meta name=\"robots\" content=\"index, follow, max-snippet:-1, max-image-preview:large, max-video-preview:-1\" \/>\n<link rel=\"canonical\" href=\"https:\/\/idepprivados.com\/index.php\/conferenciasidep\/\" \/>\n<meta property=\"og:locale\" content=\"es_ES\" \/>\n<meta property=\"og:type\" content=\"article\" \/>\n<meta property=\"og:title\" content=\"conferenciasidep &#8211; IDEP - Instituto de Preparaci\u00f3n de Privados\" \/>\n<meta property=\"og:description\" content=\"Ver Conferencia AN\u00c1LISIS DEL DECRETO 11-2025 LEY ANTIPANDILLAS Ver Conferencia ASPECTOS PR\u00c1CTICOS EN LA AUDIENCIA DE PRIMERA DECLARACI\u00d3N DEL SINDICATO Ver Conferencia ECON\u00d3MICO COACTIVO JUICIO DE CUENTAS Y CONFLICTOS DE JURISDICCI\u00d3N Ver Conferencia \u00a0ASPECTOS PR\u00c1CTICOS DEL RECURSO DE CASACI\u00d3N Ver Conferencia ASPECTOS PR\u00c1CTICOS DEL PROCEDIMIENTO PARA DELITOS MENOS GRAVES Ver Conferencia EL PROCESO CONTENCIOSO ADMINISTRATIVO [&hellip;]\" \/>\n<meta property=\"og:url\" content=\"https:\/\/idepprivados.com\/index.php\/conferenciasidep\/\" \/>\n<meta property=\"og:site_name\" content=\"IDEP - Instituto de Preparaci\u00f3n de Privados\" \/>\n<meta property=\"article:publisher\" content=\"https:\/\/www.facebook.com\/profile.php?id=100086724848823\" \/>\n<meta property=\"article:modified_time\" content=\"2026-01-04T17:48:35+00:00\" \/>\n<meta property=\"og:image\" content=\"https:\/\/idepprivados.com\/wp-content\/uploads\/2026\/01\/analisis-del-decreto-11-2025-ley-antipandillas.jpg\" \/>\n\t<meta property=\"og:image:width\" content=\"1080\" \/>\n\t<meta property=\"og:image:height\" content=\"1350\" \/>\n\t<meta property=\"og:image:type\" content=\"image\/jpeg\" \/>\n<meta name=\"twitter:card\" content=\"summary_large_image\" \/>\n<script type=\"application\/ld+json\" class=\"yoast-schema-graph\">{\"@context\":\"https:\/\/schema.org\",\"@graph\":[{\"@type\":\"WebPage\",\"@id\":\"https:\/\/idepprivados.com\/index.php\/conferenciasidep\/\",\"url\":\"https:\/\/idepprivados.com\/index.php\/conferenciasidep\/\",\"name\":\"conferenciasidep &#8211; IDEP - Instituto de Preparaci\u00f3n de Privados\",\"isPartOf\":{\"@id\":\"https:\/\/idepprivados.com\/#website\"},\"primaryImageOfPage\":{\"@id\":\"https:\/\/idepprivados.com\/index.php\/conferenciasidep\/#primaryimage\"},\"image\":{\"@id\":\"https:\/\/idepprivados.com\/index.php\/conferenciasidep\/#primaryimage\"},\"thumbnailUrl\":\"https:\/\/idepprivados.com\/wp-content\/uploads\/2026\/01\/analisis-del-decreto-11-2025-ley-antipandillas-240x300.jpg\",\"datePublished\":\"2025-12-03T21:13:05+00:00\",\"dateModified\":\"2026-01-04T17:48:35+00:00\",\"breadcrumb\":{\"@id\":\"https:\/\/idepprivados.com\/index.php\/conferenciasidep\/#breadcrumb\"},\"inLanguage\":\"es\",\"potentialAction\":[{\"@type\":\"ReadAction\",\"target\":[\"https:\/\/idepprivados.com\/index.php\/conferenciasidep\/\"]}]},{\"@type\":\"ImageObject\",\"inLanguage\":\"es\",\"@id\":\"https:\/\/idepprivados.com\/index.php\/conferenciasidep\/#primaryimage\",\"url\":\"https:\/\/idepprivados.com\/wp-content\/uploads\/2026\/01\/analisis-del-decreto-11-2025-ley-antipandillas.jpg\",\"contentUrl\":\"https:\/\/idepprivados.com\/wp-content\/uploads\/2026\/01\/analisis-del-decreto-11-2025-ley-antipandillas.jpg\",\"width\":1080,\"height\":1350},{\"@type\":\"BreadcrumbList\",\"@id\":\"https:\/\/idepprivados.com\/index.php\/conferenciasidep\/#breadcrumb\",\"itemListElement\":[{\"@type\":\"ListItem\",\"position\":1,\"name\":\"Portada\",\"item\":\"https:\/\/idepprivados.com\/\"},{\"@type\":\"ListItem\",\"position\":2,\"name\":\"conferenciasidep\"}]},{\"@type\":\"WebSite\",\"@id\":\"https:\/\/idepprivados.com\/#website\",\"url\":\"https:\/\/idepprivados.com\/\",\"name\":\"IDEP - Instituto de Preparaci\u00f3n de Privados\",\"description\":\"Instituto de Preparaci\u00f3n de Privados\",\"publisher\":{\"@id\":\"https:\/\/idepprivados.com\/#organization\"},\"potentialAction\":[{\"@type\":\"SearchAction\",\"target\":{\"@type\":\"EntryPoint\",\"urlTemplate\":\"https:\/\/idepprivados.com\/?s={search_term_string}\"},\"query-input\":{\"@type\":\"PropertyValueSpecification\",\"valueRequired\":true,\"valueName\":\"search_term_string\"}}],\"inLanguage\":\"es\"},{\"@type\":\"Organization\",\"@id\":\"https:\/\/idepprivados.com\/#organization\",\"name\":\"IDEP - Instituto de Preparaci\u00f3n de Privados\",\"url\":\"https:\/\/idepprivados.com\/\",\"logo\":{\"@type\":\"ImageObject\",\"inLanguage\":\"es\",\"@id\":\"https:\/\/idepprivados.com\/#\/schema\/logo\/image\/\",\"url\":\"https:\/\/idepprivados.com\/wp-content\/uploads\/2022\/10\/idep-02-4.png\",\"contentUrl\":\"https:\/\/idepprivados.com\/wp-content\/uploads\/2022\/10\/idep-02-4.png\",\"width\":2182,\"height\":2250,\"caption\":\"IDEP - Instituto de Preparaci\u00f3n de Privados\"},\"image\":{\"@id\":\"https:\/\/idepprivados.com\/#\/schema\/logo\/image\/\"},\"sameAs\":[\"https:\/\/www.facebook.com\/profile.php?id=100086724848823\"]}]}<\/script>\n<!-- \/ Yoast SEO plugin. -->","yoast_head_json":{"title":"conferenciasidep &#8211; IDEP - Instituto de Preparaci\u00f3n de Privados","robots":{"index":"index","follow":"follow","max-snippet":"max-snippet:-1","max-image-preview":"max-image-preview:large","max-video-preview":"max-video-preview:-1"},"canonical":"https:\/\/idepprivados.com\/index.php\/conferenciasidep\/","og_locale":"es_ES","og_type":"article","og_title":"conferenciasidep &#8211; IDEP - Instituto de Preparaci\u00f3n de Privados","og_description":"Ver Conferencia AN\u00c1LISIS DEL DECRETO 11-2025 LEY ANTIPANDILLAS Ver Conferencia ASPECTOS PR\u00c1CTICOS EN LA AUDIENCIA DE PRIMERA DECLARACI\u00d3N DEL SINDICATO Ver Conferencia ECON\u00d3MICO COACTIVO JUICIO DE CUENTAS Y CONFLICTOS DE JURISDICCI\u00d3N Ver Conferencia \u00a0ASPECTOS PR\u00c1CTICOS DEL RECURSO DE CASACI\u00d3N Ver Conferencia ASPECTOS PR\u00c1CTICOS DEL PROCEDIMIENTO PARA DELITOS MENOS GRAVES Ver Conferencia EL PROCESO CONTENCIOSO ADMINISTRATIVO [&hellip;]","og_url":"https:\/\/idepprivados.com\/index.php\/conferenciasidep\/","og_site_name":"IDEP - Instituto de Preparaci\u00f3n de Privados","article_publisher":"https:\/\/www.facebook.com\/profile.php?id=100086724848823","article_modified_time":"2026-01-04T17:48:35+00:00","og_image":[{"width":1080,"height":1350,"url":"https:\/\/idepprivados.com\/wp-content\/uploads\/2026\/01\/analisis-del-decreto-11-2025-ley-antipandillas.jpg","type":"image\/jpeg"}],"twitter_card":"summary_large_image","schema":{"@context":"https:\/\/schema.org","@graph":[{"@type":"WebPage","@id":"https:\/\/idepprivados.com\/index.php\/conferenciasidep\/","url":"https:\/\/idepprivados.com\/index.php\/conferenciasidep\/","name":"conferenciasidep &#8211; IDEP - Instituto de Preparaci\u00f3n de Privados","isPartOf":{"@id":"https:\/\/idepprivados.com\/#website"},"primaryImageOfPage":{"@id":"https:\/\/idepprivados.com\/index.php\/conferenciasidep\/#primaryimage"},"image":{"@id":"https:\/\/idepprivados.com\/index.php\/conferenciasidep\/#primaryimage"},"thumbnailUrl":"https:\/\/idepprivados.com\/wp-content\/uploads\/2026\/01\/analisis-del-decreto-11-2025-ley-antipandillas-240x300.jpg","datePublished":"2025-12-03T21:13:05+00:00","dateModified":"2026-01-04T17:48:35+00:00","breadcrumb":{"@id":"https:\/\/idepprivados.com\/index.php\/conferenciasidep\/#breadcrumb"},"inLanguage":"es","potentialAction":[{"@type":"ReadAction","target":["https:\/\/idepprivados.com\/index.php\/conferenciasidep\/"]}]},{"@type":"ImageObject","inLanguage":"es","@id":"https:\/\/idepprivados.com\/index.php\/conferenciasidep\/#primaryimage","url":"https:\/\/idepprivados.com\/wp-content\/uploads\/2026\/01\/analisis-del-decreto-11-2025-ley-antipandillas.jpg","contentUrl":"https:\/\/idepprivados.com\/wp-content\/uploads\/2026\/01\/analisis-del-decreto-11-2025-ley-antipandillas.jpg","width":1080,"height":1350},{"@type":"BreadcrumbList","@id":"https:\/\/idepprivados.com\/index.php\/conferenciasidep\/#breadcrumb","itemListElement":[{"@type":"ListItem","position":1,"name":"Portada","item":"https:\/\/idepprivados.com\/"},{"@type":"ListItem","position":2,"name":"conferenciasidep"}]},{"@type":"WebSite","@id":"https:\/\/idepprivados.com\/#website","url":"https:\/\/idepprivados.com\/","name":"IDEP - Instituto de Preparaci\u00f3n de Privados","description":"Instituto de Preparaci\u00f3n de Privados","publisher":{"@id":"https:\/\/idepprivados.com\/#organization"},"potentialAction":[{"@type":"SearchAction","target":{"@type":"EntryPoint","urlTemplate":"https:\/\/idepprivados.com\/?s={search_term_string}"},"query-input":{"@type":"PropertyValueSpecification","valueRequired":true,"valueName":"search_term_string"}}],"inLanguage":"es"},{"@type":"Organization","@id":"https:\/\/idepprivados.com\/#organization","name":"IDEP - Instituto de Preparaci\u00f3n de Privados","url":"https:\/\/idepprivados.com\/","logo":{"@type":"ImageObject","inLanguage":"es","@id":"https:\/\/idepprivados.com\/#\/schema\/logo\/image\/","url":"https:\/\/idepprivados.com\/wp-content\/uploads\/2022\/10\/idep-02-4.png","contentUrl":"https:\/\/idepprivados.com\/wp-content\/uploads\/2022\/10\/idep-02-4.png","width":2182,"height":2250,"caption":"IDEP - Instituto de Preparaci\u00f3n de Privados"},"image":{"@id":"https:\/\/idepprivados.com\/#\/schema\/logo\/image\/"},"sameAs":["https:\/\/www.facebook.com\/profile.php?id=100086724848823"]}]}},"_links":{"self":[{"href":"https:\/\/idepprivados.com\/index.php\/wp-json\/wp\/v2\/pages\/29163","targetHints":{"allow":["GET"]}}],"collection":[{"href":"https:\/\/idepprivados.com\/index.php\/wp-json\/wp\/v2\/pages"}],"about":[{"href":"https:\/\/idepprivados.com\/index.php\/wp-json\/wp\/v2\/types\/page"}],"author":[{"embeddable":true,"href":"https:\/\/idepprivados.com\/index.php\/wp-json\/wp\/v2\/users\/1"}],"replies":[{"embeddable":true,"href":"https:\/\/idepprivados.com\/index.php\/wp-json\/wp\/v2\/comments?post=29163"}],"version-history":[{"count":67,"href":"https:\/\/idepprivados.com\/index.php\/wp-json\/wp\/v2\/pages\/29163\/revisions"}],"predecessor-version":[{"id":29297,"href":"https:\/\/idepprivados.com\/index.php\/wp-json\/wp\/v2\/pages\/29163\/revisions\/29297"}],"wp:attachment":[{"href":"https:\/\/idepprivados.com\/index.php\/wp-json\/wp\/v2\/media?parent=29163"}],"curies":[{"name":"wp","href":"https:\/\/api.w.org\/{rel}","templated":true}]}}